{"id":3025,"date":"2025-10-09T19:58:07","date_gmt":"2025-10-09T19:58:07","guid":{"rendered":"https:\/\/c-saf.ca\/quest-ce-que-le-saf\/saf-briefing-reports\/"},"modified":"2025-12-23T18:50:12","modified_gmt":"2025-12-23T18:50:12","slug":"saf-rapports","status":"publish","type":"page","link":"https:\/\/c-saf.ca\/fr\/quest-ce-que-le-saf\/saf-rapports\/","title":{"rendered":"Rapports d&rsquo;information SAF"},"content":{"rendered":"<p>[et_pb_section fb_built=\u00a0\u00bb1&Prime; _builder_version=\u00a0\u00bb4.21.0&Prime; _module_preset=\u00a0\u00bbdefault\u00a0\u00bb background_enable_color=\u00a0\u00bboff\u00a0\u00bb z_index=\u00a0\u00bb12&Prime; width=\u00a0\u00bb100%\u00a0\u00bb max_width=\u00a0\u00bb100%\u00a0\u00bb custom_margin=\u00a0\u00bb0px||0px||true|false\u00a0\u00bb custom_padding=\u00a0\u00bb0px||0px||true|false\u00a0\u00bb box_shadow_style=\u00a0\u00bbpreset3&Prime; global_colors_info=\u00a0\u00bb{}\u00a0\u00bb][et_pb_row column_structure=\u00a0\u00bb1_2,1_2&Prime; use_custom_gutter=\u00a0\u00bbon\u00a0\u00bb gutter_width=\u00a0\u00bb1&Prime; make_equal=\u00a0\u00bbon\u00a0\u00bb _builder_version=\u00a0\u00bb4.27.4&Prime; _module_preset=\u00a0\u00bbdefault\u00a0\u00bb background_enable_image=\u00a0\u00bboff\u00a0\u00bb width=\u00a0\u00bb100%\u00a0\u00bb max_width=\u00a0\u00bb100%\u00a0\u00bb custom_margin=\u00a0\u00bb0px||0px||true|false\u00a0\u00bb custom_padding=\u00a0\u00bb0px||0px||true|false\u00a0\u00bb global_colors_info=\u00a0\u00bb{}\u00a0\u00bb][et_pb_column type=\u00a0\u00bb1_2&Prime; _builder_version=\u00a0\u00bb4.16&Prime; _module_preset=\u00a0\u00bbdefault\u00a0\u00bb background_image=\u00a0\u00bbhttps:\/\/c-saf.ca\/wp-content\/uploads\/2022\/01\/Header-BG.svg\u00a0\u00bb custom_padding=\u00a0\u00bb8%||8%||true|false\u00a0\u00bb global_colors_info=\u00a0\u00bb{}\u00a0\u00bb][et_pb_image src=\u00a0\u00bbhttps:\/\/c-saf.ca\/wp-content\/uploads\/2025\/12\/man_holding_briefing_doc-FR.webp\u00a0\u00bb alt=\u00a0\u00bbUne personne d\u00e9tenant une copie d&rsquo;un rapport d&rsquo;information des SAF\u00a0\u00bb title_text=\u00a0\u00bbman_holding_briefing_doc-FR\u00a0\u00bb show_bottom_space=\u00a0\u00bboff\u00a0\u00bb disabled_on=\u00a0\u00bboff|off|on\u00a0\u00bb _builder_version=\u00a0\u00bb4.27.4&Prime; _module_preset=\u00a0\u00bbdefault\u00a0\u00bb custom_margin=\u00a0\u00bb40px|10%|0px|10%|false|false\u00a0\u00bb border_radii=\u00a0\u00bbon|10px|10px|10px|10px\u00a0\u00bb global_colors_info=\u00a0\u00bb{}\u00a0\u00bb][\/et_pb_image][et_pb_text _builder_version=\u00a0\u00bb4.27.4&Prime; _module_preset=\u00a0\u00bbdefault\u00a0\u00bb text_text_color=\u00a0\u00bb#2F4340&Prime; text_font_size=\u00a0\u00bb18px\u00a0\u00bb header_font=\u00a0\u00bb|700|||||||\u00a0\u00bb header_text_color=\u00a0\u00bb#2F4340&Prime; header_font_size=\u00a0\u00bb64px\u00a0\u00bb header_2_font=\u00a0\u00bb|&#8211;et_global_heading_font_weight|||||||\u00a0\u00bb header_2_text_color=\u00a0\u00bb#309161&Prime; background_enable_image=\u00a0\u00bboff\u00a0\u00bb transform_scale_linked=\u00a0\u00bboff\u00a0\u00bb transform_translate_linked=\u00a0\u00bboff\u00a0\u00bb custom_margin=\u00a0\u00bb15%|10%||10%|false|true\u00a0\u00bb custom_margin_tablet=\u00a0\u00bb40px|10%||10%|false|true\u00a0\u00bb custom_margin_phone=\u00a0\u00bb40px|10%||10%|false|true\u00a0\u00bb custom_margin_last_edited=\u00a0\u00bbon|phone\u00a0\u00bb custom_padding=\u00a0\u00bb||||false|false\u00a0\u00bb header_font_size_tablet=\u00a0\u00bb\u00a0\u00bb header_font_size_phone=\u00a0\u00bb40px\u00a0\u00bb header_font_size_last_edited=\u00a0\u00bbon|phone\u00a0\u00bb global_colors_info=\u00a0\u00bb{}\u00a0\u00bb]<\/p>\n<h2 class=\"p1\">D\u00e9carboner l\u2019aviation canadienne<\/h2>\n<h1 class=\"p1\">La voie vers un vol durable gr\u00e2ce \u00e0 l\u2019innovation en carburants d\u2019aviation durables (SAF)<\/h1>\n<p>&nbsp;<\/p>\n<p class=\"p1\">Le Conseil canadien des carburants d\u2019aviation durables (C-SAF) a publi\u00e9 une s\u00e9rie de documents d\u2019information essentiels et d\u2019analyses qui soutiennent la transition vers les carburants d\u2019aviation durables au Canada. Des cadres politiques aux voies de production, ces ressources appuient l\u2019action de l\u2019industrie et les objectifs climatiques nationaux. Ensemble, elles constituent une feuille de route coh\u00e9rente pour la d\u00e9carbonation de l\u2019aviation, int\u00e9grant la science, les politiques et la technologie afin de permettre au Canada de prendre son envol vers un avenir plus durable.  <\/p>\n<p>[\/et_pb_text][et_pb_button button_url=\u00a0\u00bb#the-briefs\u00a0\u00bb button_text=\u00a0\u00bbAcc\u00e9der les r\u00e9sum\u00e9s\u00a0\u00bb button_alignment=\u00a0\u00bbleft\u00a0\u00bb module_class=\u00a0\u00bbbutton-state\u00a0\u00bb _builder_version=\u00a0\u00bb4.27.4&Prime; _module_preset=\u00a0\u00bbdefault\u00a0\u00bb custom_button=\u00a0\u00bbon\u00a0\u00bb button_text_size=\u00a0\u00bb20px\u00a0\u00bb button_text_color=\u00a0\u00bb#309161&Prime; button_bg_color=\u00a0\u00bbrgba(255,255,255,0)\u00a0\u00bb button_border_color=\u00a0\u00bb#309161&Prime; button_border_radius=\u00a0\u00bb8px\u00a0\u00bb button_font=\u00a0\u00bb|600|||||||\u00a0\u00bb button_use_icon=\u00a0\u00bboff\u00a0\u00bb transform_translate_linked=\u00a0\u00bboff\u00a0\u00bb custom_margin=\u00a0\u00bb3%|10%||10%|false|false\u00a0\u00bb custom_padding=\u00a0\u00bb1%|4%|2%|4%|false|true\u00a0\u00bb custom_padding_tablet=\u00a0\u00bb\u00a0\u00bb custom_padding_phone=\u00a0\u00bb2%|7%|2%|7%|true|true\u00a0\u00bb custom_padding_last_edited=\u00a0\u00bbon|phone\u00a0\u00bb button_text_color_tablet=\u00a0\u00bb#309161&Prime; button_text_color_phone=\u00a0\u00bb#309161&Prime; button_text_color_last_edited=\u00a0\u00bbon|desktop\u00a0\u00bb global_colors_info=\u00a0\u00bb{}\u00a0\u00bb button_text_color__hover_enabled=\u00a0\u00bboff|hover\u00a0\u00bb button_bg_color__hover_enabled=\u00a0\u00bboff|desktop\u00a0\u00bb button_bg_enable_color__hover=\u00a0\u00bboff\u00a0\u00bb button_border_color__hover_enabled=\u00a0\u00bboff|desktop\u00a0\u00bb button_border_width__hover_enabled=\u00a0\u00bboff|desktop\u00a0\u00bb][\/et_pb_button][\/et_pb_column][et_pb_column type=\u00a0\u00bb1_2&Prime; disabled_on=\u00a0\u00bbon|on|off\u00a0\u00bb _builder_version=\u00a0\u00bb4.27.4&Prime; _module_preset=\u00a0\u00bbdefault\u00a0\u00bb background_image=\u00a0\u00bbhttps:\/\/c-saf.ca\/wp-content\/uploads\/2025\/12\/man_holding_briefing_doc-FR.webp\u00a0\u00bb background_position=\u00a0\u00bbtop_right\u00a0\u00bb custom_padding=\u00a0\u00bb||||false|true\u00a0\u00bb global_colors_info=\u00a0\u00bb{}\u00a0\u00bb][\/et_pb_column][\/et_pb_row][\/et_pb_section][et_pb_section fb_built=\u00a0\u00bb1&Prime; _builder_version=\u00a0\u00bb4.27.4&Prime; _module_preset=\u00a0\u00bbdefault\u00a0\u00bb global_colors_info=\u00a0\u00bb{}\u00a0\u00bb][et_pb_row _builder_version=\u00a0\u00bb4.27.4&Prime; _module_preset=\u00a0\u00bbdefault\u00a0\u00bb global_colors_info=\u00a0\u00bb{}\u00a0\u00bb][et_pb_column type=\u00a0\u00bb4_4&Prime; _builder_version=\u00a0\u00bb4.27.4&Prime; _module_preset=\u00a0\u00bbdefault\u00a0\u00bb global_colors_info=\u00a0\u00bb{}\u00a0\u00bb][et_pb_heading title=\u00a0\u00bbAcc\u00e9l\u00e9rer la transition du Canada vers une aviation carboneutre\u00a0\u00bb _builder_version=\u00a0\u00bb4.27.4&Prime; _module_preset=\u00a0\u00bbdefault\u00a0\u00bb title_text_align=\u00a0\u00bbcenter\u00a0\u00bb global_colors_info=\u00a0\u00bb{}\u00a0\u00bb][\/et_pb_heading][et_pb_text _builder_version=\u00a0\u00bb4.27.4&Prime; _module_preset=\u00a0\u00bbdefault\u00a0\u00bb text_text_color=\u00a0\u00bb#2F4340&Prime; text_font_size=\u00a0\u00bb18px\u00a0\u00bb max_width=\u00a0\u00bb100%\u00a0\u00bb max_width_tablet=\u00a0\u00bb100%\u00a0\u00bb max_width_phone=\u00a0\u00bb100%\u00a0\u00bb max_width_last_edited=\u00a0\u00bbon|phone\u00a0\u00bb global_colors_info=\u00a0\u00bb{}\u00a0\u00bb]<\/p>\n<p data-start=\"378\" data-end=\"1169\" style=\"text-align: center;\">Bienvenue au centre de ressources des dossiers d\u2019information sur les carburants d\u2019aviation durables (SAF) \u2014 votre porte d\u2019entr\u00e9e vers les principales ressources canadiennes sur le d\u00e9veloppement, le d\u00e9ploiement et les politiques li\u00e9es aux SAF. Cette collection soigneusement s\u00e9lectionn\u00e9e offre aux d\u00e9cideurs politiques, aux chefs de file de l\u2019industrie, aux chercheurs et aux parties prenantes des perspectives essentielles, des donn\u00e9es probantes et des plans d\u2019action pour faire progresser l\u2019aviation durable au Canada. Explorez des documents fondamentaux, des perspectives fond\u00e9es sur les donn\u00e9es, le potentiel des mati\u00e8res premi\u00e8res, les voies technologiques, ainsi que la <a href=\"https:\/\/c-saf.ca\/feuille-de-route\/?lang=fr\" style=\"color: #309161;\">Feuille de route du C-SAF<\/a> \u2014 tous con\u00e7us pour aider le Canada \u00e0 atteindre son objectif de 10 % d\u2019utilisation de SAF d\u2019ici 2030 et \u00e0 d\u00e9bloquer jusqu\u2019\u00e0 1 milliard de litres de production nationale annuelle.Ces ressources t\u00e9moignent de notre engagement collectif \u00e0 d\u00e9carboner l\u2019aviation gr\u00e2ce \u00e0 l\u2019innovation, \u00e0 l\u2019investissement et \u00e0 la collaboration intersectorielle. Construisons ensemble l\u2019avenir du vol.   <\/p>\n<p data-start=\"378\" data-end=\"1169\" style=\"text-align: center;\"><strong>B\u00e2tissons ensemble l\u2019avenir de l\u2019aviation.<\/strong><\/p>\n<p>[\/et_pb_text][\/et_pb_column][\/et_pb_row][et_pb_row column_structure=\u00a0\u00bb1_4,1_4,1_4,1_4&Prime; use_custom_gutter=\u00a0\u00bbon\u00a0\u00bb gutter_width=\u00a0\u00bb1&Prime; _builder_version=\u00a0\u00bb4.27.4&Prime; _module_preset=\u00a0\u00bbdefault\u00a0\u00bb width=\u00a0\u00bb100%\u00a0\u00bb max_width=\u00a0\u00bb1440px\u00a0\u00bb global_colors_info=\u00a0\u00bb{}\u00a0\u00bb][et_pb_column type=\u00a0\u00bb1_4&Prime; _builder_version=\u00a0\u00bb4.27.4&Prime; _module_preset=\u00a0\u00bbdefault\u00a0\u00bb global_colors_info=\u00a0\u00bb{}\u00a0\u00bb][et_pb_image src=\u00a0\u00bbhttps:\/\/c-saf.ca\/wp-content\/uploads\/2025\/11\/Francais_A.webp\u00a0\u00bb alt=\u00a0\u00bbPr\u00e9sentation de la SAF &#8211; R\u00e9duction des \u00e9missions du secteur a\u00e9rien\u00a0\u00bb title_text=\u00a0\u00bbFrancais_A\u00a0\u00bb url=\u00a0\u00bb@ET-DC@eyJkeW5hbWljIjp0cnVlLCJjb250ZW50IjoicG9zdF9saW5rX3VybF9wYWdlIiwic2V0dGluZ3MiOnsicG9zdF9pZCI6IjIzMzQifX0=@\u00a0\u00bb align=\u00a0\u00bbcenter\u00a0\u00bb _builder_version=\u00a0\u00bb4.27.4&Prime; _dynamic_attributes=\u00a0\u00bburl\u00a0\u00bb _module_preset=\u00a0\u00bbdefault\u00a0\u00bb transform_scale_last_edited=\u00a0\u00bboff|desktop\u00a0\u00bb transform_translate_last_edited=\u00a0\u00bboff|desktop\u00a0\u00bb transform_rotate_last_edited=\u00a0\u00bboff|desktop\u00a0\u00bb transform_skew_last_edited=\u00a0\u00bboff|desktop\u00a0\u00bb transform_origin_last_edited=\u00a0\u00bboff|desktop\u00a0\u00bb transform_styles_last_edited=\u00a0\u00bboff|desktop\u00a0\u00bb max_height=\u00a0\u00bb400px\u00a0\u00bb animation_style=\u00a0\u00bbslide\u00a0\u00bb animation_direction=\u00a0\u00bbbottom\u00a0\u00bb animation_duration=\u00a0\u00bb500ms\u00a0\u00bb animation_delay=\u00a0\u00bb50ms\u00a0\u00bb animation_intensity_slide=\u00a0\u00bb25%\u00a0\u00bb global_colors_info=\u00a0\u00bb{}\u00a0\u00bb transform_styles__hover_enabled=\u00a0\u00bbon|desktop\u00a0\u00bb transform_scale__hover_enabled=\u00a0\u00bbon|desktop\u00a0\u00bb transform_translate__hover_enabled=\u00a0\u00bbon|desktop\u00a0\u00bb transform_rotate__hover_enabled=\u00a0\u00bbon|desktop\u00a0\u00bb transform_skew__hover_enabled=\u00a0\u00bbon|desktop\u00a0\u00bb transform_origin__hover_enabled=\u00a0\u00bbon|desktop\u00a0\u00bb transform_scale__hover=\u00a0\u00bb105%|105%\u00a0\u00bb][\/et_pb_image][\/et_pb_column][et_pb_column type=\u00a0\u00bb1_4&Prime; _builder_version=\u00a0\u00bb4.27.4&Prime; _module_preset=\u00a0\u00bbdefault\u00a0\u00bb global_colors_info=\u00a0\u00bb{}\u00a0\u00bb][et_pb_image src=\u00a0\u00bbhttps:\/\/c-saf.ca\/wp-content\/uploads\/2025\/11\/Francais_B.webp\u00a0\u00bb alt=\u00a0\u00bbSAF Brief &#8211; What is the role of alternative fuels in reducing the climate impact of the aviation sector\u00a0\u00bb title_text=\u00a0\u00bbFrancais_B\u00a0\u00bb url=\u00a0\u00bb@ET-DC@eyJkeW5hbWljIjp0cnVlLCJjb250ZW50IjoicG9zdF9saW5rX3VybF9wYWdlIiwic2V0dGluZ3MiOnsicG9zdF9pZCI6IjIzMDIifX0=@\u00a0\u00bb align=\u00a0\u00bbcenter\u00a0\u00bb _builder_version=\u00a0\u00bb4.27.4&Prime; _dynamic_attributes=\u00a0\u00bburl\u00a0\u00bb _module_preset=\u00a0\u00bbdefault\u00a0\u00bb max_height=\u00a0\u00bb400px\u00a0\u00bb animation_style=\u00a0\u00bbslide\u00a0\u00bb animation_direction=\u00a0\u00bbbottom\u00a0\u00bb animation_duration=\u00a0\u00bb500ms\u00a0\u00bb animation_delay=\u00a0\u00bb50ms\u00a0\u00bb animation_intensity_slide=\u00a0\u00bb25%\u00a0\u00bb global_colors_info=\u00a0\u00bb{}\u00a0\u00bb transform_styles__hover_enabled=\u00a0\u00bbon|desktop\u00a0\u00bb transform_scale__hover=\u00a0\u00bb105%|105%\u00a0\u00bb transform_scale__hover_enabled=\u00a0\u00bbon|desktop\u00a0\u00bb transform_translate__hover_enabled=\u00a0\u00bbon|desktop\u00a0\u00bb transform_rotate__hover_enabled=\u00a0\u00bbon|desktop\u00a0\u00bb transform_skew__hover_enabled=\u00a0\u00bbon|desktop\u00a0\u00bb transform_origin__hover_enabled=\u00a0\u00bbon|desktop\u00a0\u00bb][\/et_pb_image][\/et_pb_column][et_pb_column type=\u00a0\u00bb1_4&Prime; _builder_version=\u00a0\u00bb4.27.4&Prime; _module_preset=\u00a0\u00bbdefault\u00a0\u00bb global_colors_info=\u00a0\u00bb{}\u00a0\u00bb][et_pb_image src=\u00a0\u00bbhttps:\/\/c-saf.ca\/wp-content\/uploads\/2025\/11\/Francais_C.webp\u00a0\u00bb alt=\u00a0\u00bbSAF Brief &#8211; The non-CO2 impacts of aviation and the role of SAF\u00a0\u00bb title_text=\u00a0\u00bbFrancais_C\u00a0\u00bb url=\u00a0\u00bb@ET-DC@eyJkeW5hbWljIjp0cnVlLCJjb250ZW50IjoicG9zdF9saW5rX3VybF9wYWdlIiwic2V0dGluZ3MiOnsicG9zdF9pZCI6IjIzMzkifX0=@\u00a0\u00bb align=\u00a0\u00bbcenter\u00a0\u00bb _builder_version=\u00a0\u00bb4.27.4&Prime; _dynamic_attributes=\u00a0\u00bburl\u00a0\u00bb _module_preset=\u00a0\u00bbdefault\u00a0\u00bb max_height=\u00a0\u00bb400px\u00a0\u00bb animation_style=\u00a0\u00bbslide\u00a0\u00bb animation_direction=\u00a0\u00bbbottom\u00a0\u00bb animation_duration=\u00a0\u00bb500ms\u00a0\u00bb animation_delay=\u00a0\u00bb50ms\u00a0\u00bb animation_intensity_slide=\u00a0\u00bb25%\u00a0\u00bb global_colors_info=\u00a0\u00bb{}\u00a0\u00bb transform_styles__hover_enabled=\u00a0\u00bbon|desktop\u00a0\u00bb transform_scale__hover=\u00a0\u00bb105%|105%\u00a0\u00bb transform_scale__hover_enabled=\u00a0\u00bbon|desktop\u00a0\u00bb transform_translate__hover_enabled=\u00a0\u00bbon|desktop\u00a0\u00bb transform_rotate__hover_enabled=\u00a0\u00bbon|desktop\u00a0\u00bb transform_skew__hover_enabled=\u00a0\u00bbon|desktop\u00a0\u00bb transform_origin__hover_enabled=\u00a0\u00bbon|desktop\u00a0\u00bb][\/et_pb_image][\/et_pb_column][et_pb_column type=\u00a0\u00bb1_4&Prime; _builder_version=\u00a0\u00bb4.27.4&Prime; _module_preset=\u00a0\u00bbdefault\u00a0\u00bb global_colors_info=\u00a0\u00bb{}\u00a0\u00bb][et_pb_image src=\u00a0\u00bbhttps:\/\/c-saf.ca\/wp-content\/uploads\/2025\/11\/Francais_D.webp\u00a0\u00bb alt=\u00a0\u00bbSAF Brief &#8211; Types of Sustainable Aviation Fuel (SAF) and technology pathways\u00a0\u00bb title_text=\u00a0\u00bbFrancais_D\u00a0\u00bb url=\u00a0\u00bb@ET-DC@eyJkeW5hbWljIjp0cnVlLCJjb250ZW50IjoicG9zdF9saW5rX3VybF9wYWdlIiwic2V0dGluZ3MiOnsicG9zdF9pZCI6IjIzNDEifX0=@\u00a0\u00bb align=\u00a0\u00bbcenter\u00a0\u00bb _builder_version=\u00a0\u00bb4.27.4&Prime; _dynamic_attributes=\u00a0\u00bburl\u00a0\u00bb _module_preset=\u00a0\u00bbdefault\u00a0\u00bb max_height=\u00a0\u00bb400px\u00a0\u00bb animation_style=\u00a0\u00bbslide\u00a0\u00bb animation_direction=\u00a0\u00bbbottom\u00a0\u00bb animation_duration=\u00a0\u00bb500ms\u00a0\u00bb animation_delay=\u00a0\u00bb50ms\u00a0\u00bb animation_intensity_slide=\u00a0\u00bb25%\u00a0\u00bb global_colors_info=\u00a0\u00bb{}\u00a0\u00bb transform_styles__hover_enabled=\u00a0\u00bbon|desktop\u00a0\u00bb transform_scale__hover=\u00a0\u00bb105%|105%\u00a0\u00bb transform_scale__hover_enabled=\u00a0\u00bbon|desktop\u00a0\u00bb transform_translate__hover_enabled=\u00a0\u00bbon|desktop\u00a0\u00bb transform_rotate__hover_enabled=\u00a0\u00bbon|desktop\u00a0\u00bb transform_skew__hover_enabled=\u00a0\u00bbon|desktop\u00a0\u00bb transform_origin__hover_enabled=\u00a0\u00bbon|desktop\u00a0\u00bb][\/et_pb_image][\/et_pb_column][\/et_pb_row][et_pb_row column_structure=\u00a0\u00bb1_4,1_4,1_4,1_4&Prime; use_custom_gutter=\u00a0\u00bbon\u00a0\u00bb gutter_width=\u00a0\u00bb1&Prime; _builder_version=\u00a0\u00bb4.27.4&Prime; _module_preset=\u00a0\u00bbdefault\u00a0\u00bb width=\u00a0\u00bb100%\u00a0\u00bb max_width=\u00a0\u00bb1440px\u00a0\u00bb global_colors_info=\u00a0\u00bb{}\u00a0\u00bb][et_pb_column type=\u00a0\u00bb1_4&Prime; _builder_version=\u00a0\u00bb4.27.4&Prime; _module_preset=\u00a0\u00bbdefault\u00a0\u00bb global_colors_info=\u00a0\u00bb{}\u00a0\u00bb][et_pb_image src=\u00a0\u00bbhttps:\/\/c-saf.ca\/wp-content\/uploads\/2025\/11\/Francais_E.webp\u00a0\u00bb alt=\u00a0\u00bbSAF Brief &#8211; Potential Feedstocks for SAF Production\u00a0\u00bb title_text=\u00a0\u00bbFrancais_E\u00a0\u00bb url=\u00a0\u00bb@ET-DC@eyJkeW5hbWljIjp0cnVlLCJjb250ZW50IjoicG9zdF9saW5rX3VybF9wYWdlIiwic2V0dGluZ3MiOnsicG9zdF9pZCI6IjIzNDMifX0=@\u00a0\u00bb align=\u00a0\u00bbcenter\u00a0\u00bb _builder_version=\u00a0\u00bb4.27.4&Prime; _dynamic_attributes=\u00a0\u00bburl\u00a0\u00bb _module_preset=\u00a0\u00bbdefault\u00a0\u00bb max_height=\u00a0\u00bb400px\u00a0\u00bb animation_style=\u00a0\u00bbslide\u00a0\u00bb animation_direction=\u00a0\u00bbbottom\u00a0\u00bb animation_duration=\u00a0\u00bb500ms\u00a0\u00bb animation_delay=\u00a0\u00bb50ms\u00a0\u00bb animation_intensity_slide=\u00a0\u00bb25%\u00a0\u00bb global_colors_info=\u00a0\u00bb{}\u00a0\u00bb transform_styles__hover_enabled=\u00a0\u00bbon|desktop\u00a0\u00bb transform_scale__hover=\u00a0\u00bb105%|105%\u00a0\u00bb transform_scale__hover_enabled=\u00a0\u00bbon|desktop\u00a0\u00bb transform_translate__hover_enabled=\u00a0\u00bbon|desktop\u00a0\u00bb transform_rotate__hover_enabled=\u00a0\u00bbon|desktop\u00a0\u00bb transform_skew__hover_enabled=\u00a0\u00bbon|desktop\u00a0\u00bb transform_origin__hover_enabled=\u00a0\u00bbon|desktop\u00a0\u00bb][\/et_pb_image][\/et_pb_column][et_pb_column type=\u00a0\u00bb1_4&Prime; _builder_version=\u00a0\u00bb4.27.4&Prime; _module_preset=\u00a0\u00bbdefault\u00a0\u00bb global_colors_info=\u00a0\u00bb{}\u00a0\u00bb][et_pb_image src=\u00a0\u00bbhttps:\/\/c-saf.ca\/wp-content\/uploads\/2025\/11\/Francais_F.webp\u00a0\u00bb alt=\u00a0\u00bbSAF Brief &#8211; The Sustainability of SAF\u00a0\u00bb title_text=\u00a0\u00bbFrancais_F\u00a0\u00bb url=\u00a0\u00bb@ET-DC@eyJkeW5hbWljIjp0cnVlLCJjb250ZW50IjoicG9zdF9saW5rX3VybF9wYWdlIiwic2V0dGluZ3MiOnsicG9zdF9pZCI6IjIzNDUifX0=@\u00a0\u00bb align=\u00a0\u00bbcenter\u00a0\u00bb _builder_version=\u00a0\u00bb4.27.4&Prime; _dynamic_attributes=\u00a0\u00bburl\u00a0\u00bb _module_preset=\u00a0\u00bbdefault\u00a0\u00bb max_height=\u00a0\u00bb400px\u00a0\u00bb animation_style=\u00a0\u00bbslide\u00a0\u00bb animation_direction=\u00a0\u00bbbottom\u00a0\u00bb animation_duration=\u00a0\u00bb500ms\u00a0\u00bb animation_delay=\u00a0\u00bb50ms\u00a0\u00bb animation_intensity_slide=\u00a0\u00bb25%\u00a0\u00bb global_colors_info=\u00a0\u00bb{}\u00a0\u00bb transform_styles__hover_enabled=\u00a0\u00bbon|desktop\u00a0\u00bb transform_scale__hover=\u00a0\u00bb105%|105%\u00a0\u00bb transform_scale__hover_enabled=\u00a0\u00bbon|desktop\u00a0\u00bb transform_translate__hover_enabled=\u00a0\u00bbon|desktop\u00a0\u00bb transform_rotate__hover_enabled=\u00a0\u00bbon|desktop\u00a0\u00bb transform_skew__hover_enabled=\u00a0\u00bbon|desktop\u00a0\u00bb transform_origin__hover_enabled=\u00a0\u00bbon|desktop\u00a0\u00bb][\/et_pb_image][\/et_pb_column][et_pb_column type=\u00a0\u00bb1_4&Prime; _builder_version=\u00a0\u00bb4.27.4&Prime; _module_preset=\u00a0\u00bbdefault\u00a0\u00bb global_colors_info=\u00a0\u00bb{}\u00a0\u00bb][et_pb_image src=\u00a0\u00bbhttps:\/\/c-saf.ca\/wp-content\/uploads\/2025\/11\/Francais_G.webp\u00a0\u00bb alt=\u00a0\u00bbSAF Brief &#8211; Storage and handling of SAF\u00a0\u00bb title_text=\u00a0\u00bbFrancais_G\u00a0\u00bb url=\u00a0\u00bb@ET-DC@eyJkeW5hbWljIjp0cnVlLCJjb250ZW50IjoicG9zdF9saW5rX3VybF9wYWdlIiwic2V0dGluZ3MiOnsicG9zdF9pZCI6IjIzNDcifX0=@\u00a0\u00bb align=\u00a0\u00bbcenter\u00a0\u00bb _builder_version=\u00a0\u00bb4.27.4&Prime; _dynamic_attributes=\u00a0\u00bburl\u00a0\u00bb _module_preset=\u00a0\u00bbdefault\u00a0\u00bb max_height=\u00a0\u00bb400px\u00a0\u00bb animation_style=\u00a0\u00bbslide\u00a0\u00bb animation_direction=\u00a0\u00bbbottom\u00a0\u00bb animation_duration=\u00a0\u00bb500ms\u00a0\u00bb animation_delay=\u00a0\u00bb50ms\u00a0\u00bb animation_intensity_slide=\u00a0\u00bb25%\u00a0\u00bb global_colors_info=\u00a0\u00bb{}\u00a0\u00bb transform_styles__hover_enabled=\u00a0\u00bbon|desktop\u00a0\u00bb transform_scale__hover=\u00a0\u00bb105%|105%\u00a0\u00bb transform_scale__hover_enabled=\u00a0\u00bbon|desktop\u00a0\u00bb transform_translate__hover_enabled=\u00a0\u00bbon|desktop\u00a0\u00bb transform_rotate__hover_enabled=\u00a0\u00bbon|desktop\u00a0\u00bb transform_skew__hover_enabled=\u00a0\u00bbon|desktop\u00a0\u00bb transform_origin__hover_enabled=\u00a0\u00bbon|desktop\u00a0\u00bb][\/et_pb_image][\/et_pb_column][et_pb_column type=\u00a0\u00bb1_4&Prime; _builder_version=\u00a0\u00bb4.27.4&Prime; _module_preset=\u00a0\u00bbdefault\u00a0\u00bb global_colors_info=\u00a0\u00bb{}\u00a0\u00bb][et_pb_image src=\u00a0\u00bbhttps:\/\/c-saf.ca\/wp-content\/uploads\/2025\/11\/Francais_H.webp\u00a0\u00bb alt=\u00a0\u00bbSAF Brief &#8211; Safety Considerations for Jet Fuel and SAF\u00a0\u00bb title_text=\u00a0\u00bbFrancais_H\u00a0\u00bb url=\u00a0\u00bb@ET-DC@eyJkeW5hbWljIjp0cnVlLCJjb250ZW50IjoicG9zdF9saW5rX3VybF9wYWdlIiwic2V0dGluZ3MiOnsicG9zdF9pZCI6IjIzNDkifX0=@\u00a0\u00bb align=\u00a0\u00bbcenter\u00a0\u00bb _builder_version=\u00a0\u00bb4.27.4&Prime; _dynamic_attributes=\u00a0\u00bburl\u00a0\u00bb _module_preset=\u00a0\u00bbdefault\u00a0\u00bb max_height=\u00a0\u00bb400px\u00a0\u00bb animation_style=\u00a0\u00bbslide\u00a0\u00bb animation_direction=\u00a0\u00bbbottom\u00a0\u00bb animation_duration=\u00a0\u00bb500ms\u00a0\u00bb animation_delay=\u00a0\u00bb50ms\u00a0\u00bb animation_intensity_slide=\u00a0\u00bb25%\u00a0\u00bb global_colors_info=\u00a0\u00bb{}\u00a0\u00bb transform_styles__hover_enabled=\u00a0\u00bbon|desktop\u00a0\u00bb transform_scale__hover=\u00a0\u00bb105%|105%\u00a0\u00bb transform_scale__hover_enabled=\u00a0\u00bbon|desktop\u00a0\u00bb transform_translate__hover_enabled=\u00a0\u00bbon|desktop\u00a0\u00bb transform_rotate__hover_enabled=\u00a0\u00bbon|desktop\u00a0\u00bb transform_skew__hover_enabled=\u00a0\u00bbon|desktop\u00a0\u00bb transform_origin__hover_enabled=\u00a0\u00bbon|desktop\u00a0\u00bb][\/et_pb_image][\/et_pb_column][\/et_pb_row][\/et_pb_section][et_pb_section fb_built=\u00a0\u00bb1&Prime; module_id=\u00a0\u00bbthe-briefs\u00a0\u00bb _builder_version=\u00a0\u00bb4.27.4&Prime; _module_preset=\u00a0\u00bbdefault\u00a0\u00bb background_image=\u00a0\u00bbhttps:\/\/c-saf.ca\/wp-content\/uploads\/2023\/06\/ap-bkg-1.webp\u00a0\u00bb custom_padding=\u00a0\u00bb0px|0px|0px|0px|true|true\u00a0\u00bb global_colors_info=\u00a0\u00bb{}\u00a0\u00bb][et_pb_row use_custom_gutter=\u00a0\u00bbon\u00a0\u00bb gutter_width=\u00a0\u00bb1&Prime; make_equal=\u00a0\u00bbon\u00a0\u00bb _builder_version=\u00a0\u00bb4.27.4&Prime; _module_preset=\u00a0\u00bbdefault\u00a0\u00bb module_alignment=\u00a0\u00bbcenter\u00a0\u00bb custom_margin=\u00a0\u00bb0px|0px|0px|0px|true|true\u00a0\u00bb custom_padding=\u00a0\u00bb0px||0px||true|false\u00a0\u00bb global_colors_info=\u00a0\u00bb{}\u00a0\u00bb][et_pb_column type=\u00a0\u00bb4_4&Prime; _builder_version=\u00a0\u00bb4.27.4&Prime; _module_preset=\u00a0\u00bbdefault\u00a0\u00bb custom_padding=\u00a0\u00bb45px||45px||true|false\u00a0\u00bb global_colors_info=\u00a0\u00bb{}\u00a0\u00bb][et_pb_text _builder_version=\u00a0\u00bb4.27.4&Prime; _module_preset=\u00a0\u00bbdefault\u00a0\u00bb text_text_color=\u00a0\u00bb#F5F9F1&Prime; text_font_size=\u00a0\u00bb18px\u00a0\u00bb header_font=\u00a0\u00bb|700|||||||\u00a0\u00bb header_text_color=\u00a0\u00bb#F5F9F1&Prime; header_font_size=\u00a0\u00bb64px\u00a0\u00bb header_2_font_size=\u00a0\u00bb65px\u00a0\u00bb text_orientation=\u00a0\u00bbcenter\u00a0\u00bb background_layout=\u00a0\u00bbdark\u00a0\u00bb max_width=\u00a0\u00bb70%\u00a0\u00bb max_width_tablet=\u00a0\u00bb\u00a0\u00bb max_width_phone=\u00a0\u00bb75%\u00a0\u00bb max_width_last_edited=\u00a0\u00bbon|phone\u00a0\u00bb module_alignment=\u00a0\u00bbcenter\u00a0\u00bb header_font_size_tablet=\u00a0\u00bb\u00a0\u00bb header_font_size_phone=\u00a0\u00bb40px\u00a0\u00bb header_font_size_last_edited=\u00a0\u00bbon|phone\u00a0\u00bb header_2_font_size_tablet=\u00a0\u00bb55px\u00a0\u00bb header_2_font_size_phone=\u00a0\u00bb46px\u00a0\u00bb header_2_font_size_last_edited=\u00a0\u00bbon|phone\u00a0\u00bb global_colors_info=\u00a0\u00bb{}\u00a0\u00bb]<\/p>\n<h2 class=\"title-green-wave-bg\">Obtenez les r\u00e9sum\u00e9s.<\/h2>\n<p>[\/et_pb_text][et_pb_text _builder_version=\u00a0\u00bb4.27.4&Prime; _module_preset=\u00a0\u00bbdefault\u00a0\u00bb text_text_color=\u00a0\u00bb#FFFFFF\u00a0\u00bb text_font_size=\u00a0\u00bb18px\u00a0\u00bb max_width=\u00a0\u00bb100%\u00a0\u00bb max_width_tablet=\u00a0\u00bb100%\u00a0\u00bb max_width_phone=\u00a0\u00bb100%\u00a0\u00bb max_width_last_edited=\u00a0\u00bbon|phone\u00a0\u00bb custom_margin=\u00a0\u00bb20px|10%|40px|10%|false|false\u00a0\u00bb global_colors_info=\u00a0\u00bb{}\u00a0\u00bb]<\/p>\n<p style=\"text-align: center;\">Acc\u00e9dez instantan\u00e9ment \u00e0 la biblioth\u00e8que compl\u00e8te de documents d\u2019information du SAF du Canada et participez \u00e0 fa\u00e7onner l\u2019avenir de l\u2019aviation durable.<\/p>\n<p>[\/et_pb_text][et_pb_text _builder_version=\u00a0\u00bb4.27.4&Prime; _module_preset=\u00a0\u00bbdefault\u00a0\u00bb background_layout=\u00a0\u00bbdark\u00a0\u00bb hover_enabled=\u00a0\u00bb0&Prime; global_colors_info=\u00a0\u00bb{}\u00a0\u00bb sticky_enabled=\u00a0\u00bb0&Prime;]<iframe\n    src=\"https:\/\/data.c-saf.ca\/widget\/form\/ZSJ4g9KANk5DVmBG3Kqi\"\n    style=\"width:100%;height:100%;border:none;border-radius:4px\"\n    id=\"inline-ZSJ4g9KANk5DVmBG3Kqi\" \n    data-layout=\"{'id':'INLINE'}\"\n    data-trigger-type=\"alwaysShow\"\n    data-trigger-value=\"\"\n    data-activation-type=\"alwaysActivated\"\n    data-activation-value=\"\"\n    data-deactivation-type=\"neverDeactivate\"\n    data-deactivation-value=\"\"\n    data-form-name=\"Download Report Form - FR\"\n    data-height=\"764\"\n    data-layout-iframe-id=\"inline-ZSJ4g9KANk5DVmBG3Kqi\"\n    data-form-id=\"ZSJ4g9KANk5DVmBG3Kqi\"\n    title=\"Download Report Form - FR\"\n        ><br \/>\n<\/iframe><br \/>\n<script src=\"https:\/\/data.c-saf.ca\/js\/form_embed.js\"><\/script>[\/et_pb_text][\/et_pb_column][\/et_pb_row][\/et_pb_section][et_pb_section fb_built=\u00a0\u00bb1&Prime; _builder_version=\u00a0\u00bb4.6.6&Prime; _module_preset=\u00a0\u00bbdefault\u00a0\u00bb background_image=\u00a0\u00bbhttps:\/\/c-saf.ca\/wp-content\/uploads\/2021\/10\/ctaBG-2.svg\u00a0\u00bb z_index=\u00a0\u00bb0&Prime; custom_margin=\u00a0\u00bb||||false|false\u00a0\u00bb custom_padding=\u00a0\u00bb||||false|false\u00a0\u00bb box_shadow_style=\u00a0\u00bbpreset3&Prime; box_shadow_vertical=\u00a0\u00bb18px\u00a0\u00bb box_shadow_blur=\u00a0\u00bb25px\u00a0\u00bb global_module=\u00a0\u00bb380&Prime; saved_tabs=\u00a0\u00bball\u00a0\u00bb global_colors_info=\u00a0\u00bb{}\u00a0\u00bb][et_pb_row _builder_version=\u00a0\u00bb4.16&Prime; _module_preset=\u00a0\u00bbdefault\u00a0\u00bb width=\u00a0\u00bb36%\u00a0\u00bb width_tablet=\u00a0\u00bb\u00a0\u00bb width_phone=\u00a0\u00bb80%\u00a0\u00bb width_last_edited=\u00a0\u00bbon|phone\u00a0\u00bb custom_margin=\u00a0\u00bb4%||4%|80px|true|false\u00a0\u00bb custom_margin_tablet=\u00a0\u00bb\u00a0\u00bb custom_margin_phone=\u00a0\u00bb|||40px|true|false\u00a0\u00bb custom_margin_last_edited=\u00a0\u00bbon|phone\u00a0\u00bb custom_padding=\u00a0\u00bb||||false|false\u00a0\u00bb global_colors_info=\u00a0\u00bb{}\u00a0\u00bb][et_pb_column type=\u00a0\u00bb4_4&Prime; _builder_version=\u00a0\u00bb4.16&Prime; _module_preset=\u00a0\u00bbdefault\u00a0\u00bb global_colors_info=\u00a0\u00bb{}\u00a0\u00bb][et_pb_text _builder_version=\u00a0\u00bb4.16&Prime; _module_preset=\u00a0\u00bbdefault\u00a0\u00bb text_text_color=\u00a0\u00bb#F5F9F1&Prime; text_font_size=\u00a0\u00bb16px\u00a0\u00bb header_3_font=\u00a0\u00bb|700|||||||\u00a0\u00bb header_3_text_color=\u00a0\u00bb#F5F9F1&Prime; header_3_font_size=\u00a0\u00bb24px\u00a0\u00bb background_layout=\u00a0\u00bbdark\u00a0\u00bb custom_margin=\u00a0\u00bb||40px||false|false\u00a0\u00bb global_colors_info=\u00a0\u00bb{}\u00a0\u00bb]<\/p>\n<p><span class=\"become-member\">Devenir membre<\/span><\/p>\n<h3 class=\"title-member\">C-SAF vise \u00e0 faciliter et \u00e0 acc\u00e9l\u00e9rer le d\u00e9ploiement commercial de SAF au Canada.<\/h3>\n<p>Le Conseil \u00e9tablira une plate-forme pour la cha\u00eene de valeur des SAF afin de collaborer, de se connecter et de cr\u00e9er des solutions innovantes pour accro\u00eetre l&rsquo;\u00e9chelle et l&rsquo;utilisation des SAF au Canada. Joignez-vous \u00e0 nous d\u00e8s aujourd&rsquo;hui pour entrer en contact et collaborer avec diff\u00e9rents intervenants travaillant ensemble pour favoriser l&rsquo;innovation, la production et l&rsquo;utilisation des SAF au Canada et dans le reste du monde.<\/p>\n<p>[\/et_pb_text][et_pb_button button_url=\u00a0\u00bbhttps:\/\/safcommunity.org\/login\u00a0\u00bb url_new_window=\u00a0\u00bbon\u00a0\u00bb button_text=\u00a0\u00bbInscrivez-vous pour devenir membre\u00a0\u00bb module_class=\u00a0\u00bbbutton-state\u00a0\u00bb _builder_version=\u00a0\u00bb4.16&Prime; _module_preset=\u00a0\u00bbdefault\u00a0\u00bb custom_button=\u00a0\u00bbon\u00a0\u00bb button_text_size=\u00a0\u00bb14px\u00a0\u00bb button_text_color=\u00a0\u00bb#ffffff\u00a0\u00bb button_bg_color=\u00a0\u00bb#008754&Prime; button_border_width=\u00a0\u00bb0px\u00a0\u00bb button_border_radius=\u00a0\u00bb8px\u00a0\u00bb button_use_icon=\u00a0\u00bboff\u00a0\u00bb transform_translate_linked=\u00a0\u00bboff\u00a0\u00bb custom_padding=\u00a0\u00bb2%|8%|2%|8%|true|true\u00a0\u00bb custom_padding_tablet=\u00a0\u00bb\u00a0\u00bb custom_padding_phone=\u00a0\u00bb3.5%||3.5%||true|true\u00a0\u00bb custom_padding_last_edited=\u00a0\u00bbon|phone\u00a0\u00bb global_colors_info=\u00a0\u00bb{}\u00a0\u00bb button_text_color__hover_enabled=\u00a0\u00bbon|hover\u00a0\u00bb button_bg_color__hover_enabled=\u00a0\u00bbon|hover\u00a0\u00bb button_bg_color__hover=\u00a0\u00bb\u00a0\u00bb button_bg_enable_color__hover=\u00a0\u00bboff\u00a0\u00bb button_text_color__hover=\u00a0\u00bb\u00a0\u00bb button_border_width__hover_enabled=\u00a0\u00bbon|hover\u00a0\u00bb button_border_color__hover_enabled=\u00a0\u00bbon|hover\u00a0\u00bb button_border_width__hover=\u00a0\u00bb0px\u00a0\u00bb][\/et_pb_button][\/et_pb_column][\/et_pb_row][\/et_pb_section]<\/p>\n","protected":false},"excerpt":{"rendered":"<p>D\u00e9carboner l\u2019aviation canadienne La voie vers un vol durable gr\u00e2ce \u00e0 l\u2019innovation en carburants d\u2019aviation durables (SAF) &nbsp; Le Conseil canadien des carburants d\u2019aviation durables (C-SAF) a publi\u00e9 une s\u00e9rie de documents d\u2019information essentiels et d\u2019analyses qui soutiennent la transition vers les carburants d\u2019aviation durables au Canada. Des cadres politiques aux voies de production, ces [&hellip;]<\/p>\n","protected":false},"author":2,"featured_media":0,"parent":943,"menu_order":0,"comment_status":"closed","ping_status":"closed","template":"","meta":{"_acf_changed":false,"_et_pb_use_builder":"on","_et_pb_old_content":"","_et_gb_content_width":"","inline_featured_image":false,"footnotes":""},"class_list":["post-3025","page","type-page","status-publish","hentry"],"acf":[],"yoast_head":"<!-- This site is optimized with the Yoast SEO plugin v27.4 - https:\/\/yoast.com\/product\/yoast-seo-wordpress\/ -->\n<title>Rapports d&#039;information SAF - C-SAF<\/title>\n<meta name=\"robots\" content=\"index, follow, max-snippet:-1, max-image-preview:large, max-video-preview:-1\" \/>\n<link rel=\"canonical\" href=\"https:\/\/c-saf.ca\/fr\/quest-ce-que-le-saf\/saf-rapports\/\" \/>\n<meta property=\"og:locale\" content=\"fr_FR\" \/>\n<meta property=\"og:type\" content=\"article\" \/>\n<meta property=\"og:title\" content=\"Rapports d&#039;information SAF - C-SAF\" \/>\n<meta property=\"og:description\" content=\"D\u00e9carboner l\u2019aviation canadienne La voie vers un vol durable gr\u00e2ce \u00e0 l\u2019innovation en carburants d\u2019aviation durables (SAF) &nbsp; Le Conseil canadien des carburants d\u2019aviation durables (C-SAF) a publi\u00e9 une s\u00e9rie de documents d\u2019information essentiels et d\u2019analyses qui soutiennent la transition vers les carburants d\u2019aviation durables au Canada. Des cadres politiques aux voies de production, ces [&hellip;]\" \/>\n<meta property=\"og:url\" content=\"https:\/\/c-saf.ca\/fr\/quest-ce-que-le-saf\/saf-rapports\/\" \/>\n<meta property=\"og:site_name\" content=\"C-SAF\" \/>\n<meta property=\"article:modified_time\" content=\"2025-12-23T18:50:12+00:00\" \/>\n<meta name=\"twitter:card\" content=\"summary_large_image\" \/>\n<meta name=\"twitter:label1\" content=\"Dur\u00e9e de lecture estim\u00e9e\" \/>\n\t<meta name=\"twitter:data1\" content=\"4 minutes\" \/>\n<script type=\"application\/ld+json\" class=\"yoast-schema-graph\">{\"@context\":\"https:\\\/\\\/schema.org\",\"@graph\":[{\"@type\":\"WebPage\",\"@id\":\"https:\\\/\\\/c-saf.ca\\\/fr\\\/quest-ce-que-le-saf\\\/saf-rapports\\\/\",\"url\":\"https:\\\/\\\/c-saf.ca\\\/fr\\\/quest-ce-que-le-saf\\\/saf-rapports\\\/\",\"name\":\"Rapports d'information SAF - C-SAF\",\"isPartOf\":{\"@id\":\"https:\\\/\\\/c-saf.ca\\\/fr\\\/#website\"},\"datePublished\":\"2025-10-09T19:58:07+00:00\",\"dateModified\":\"2025-12-23T18:50:12+00:00\",\"breadcrumb\":{\"@id\":\"https:\\\/\\\/c-saf.ca\\\/fr\\\/quest-ce-que-le-saf\\\/saf-rapports\\\/#breadcrumb\"},\"inLanguage\":\"fr-FR\",\"potentialAction\":[{\"@type\":\"ReadAction\",\"target\":[\"https:\\\/\\\/c-saf.ca\\\/fr\\\/quest-ce-que-le-saf\\\/saf-rapports\\\/\"]}]},{\"@type\":\"BreadcrumbList\",\"@id\":\"https:\\\/\\\/c-saf.ca\\\/fr\\\/quest-ce-que-le-saf\\\/saf-rapports\\\/#breadcrumb\",\"itemListElement\":[{\"@type\":\"ListItem\",\"position\":1,\"name\":\"Home\",\"item\":\"https:\\\/\\\/c-saf.ca\\\/fr\\\/\"},{\"@type\":\"ListItem\",\"position\":2,\"name\":\"Qu&#8217;est-ce que le SAF\",\"item\":\"https:\\\/\\\/c-saf.ca\\\/fr\\\/what-is-saf\\\/\"},{\"@type\":\"ListItem\",\"position\":3,\"name\":\"Rapports d&#8217;information SAF\"}]},{\"@type\":\"WebSite\",\"@id\":\"https:\\\/\\\/c-saf.ca\\\/fr\\\/#website\",\"url\":\"https:\\\/\\\/c-saf.ca\\\/fr\\\/\",\"name\":\"C-SAF\",\"description\":\"Canadian Council for Sustainable Aviation Fuels Conseil Canadien de Carburants Aviation Durables\",\"publisher\":{\"@id\":\"https:\\\/\\\/c-saf.ca\\\/fr\\\/#organization\"},\"potentialAction\":[{\"@type\":\"SearchAction\",\"target\":{\"@type\":\"EntryPoint\",\"urlTemplate\":\"https:\\\/\\\/c-saf.ca\\\/fr\\\/?s={search_term_string}\"},\"query-input\":{\"@type\":\"PropertyValueSpecification\",\"valueRequired\":true,\"valueName\":\"search_term_string\"}}],\"inLanguage\":\"fr-FR\"},{\"@type\":\"Organization\",\"@id\":\"https:\\\/\\\/c-saf.ca\\\/fr\\\/#organization\",\"name\":\"Canadian Council for Sustainable Aviation Fuels\",\"url\":\"https:\\\/\\\/c-saf.ca\\\/fr\\\/\",\"logo\":{\"@type\":\"ImageObject\",\"inLanguage\":\"fr-FR\",\"@id\":\"https:\\\/\\\/c-saf.ca\\\/fr\\\/#\\\/schema\\\/logo\\\/image\\\/\",\"url\":\"https:\\\/\\\/c-saf.ca\\\/wp-content\\\/uploads\\\/2022\\\/01\\\/logo-horizontal-dark.svg\",\"contentUrl\":\"https:\\\/\\\/c-saf.ca\\\/wp-content\\\/uploads\\\/2022\\\/01\\\/logo-horizontal-dark.svg\",\"width\":177,\"height\":44,\"caption\":\"Canadian Council for Sustainable Aviation Fuels\"},\"image\":{\"@id\":\"https:\\\/\\\/c-saf.ca\\\/fr\\\/#\\\/schema\\\/logo\\\/image\\\/\"}}]}<\/script>\n<!-- \/ Yoast SEO plugin. -->","yoast_head_json":{"title":"Rapports d'information SAF - C-SAF","robots":{"index":"index","follow":"follow","max-snippet":"max-snippet:-1","max-image-preview":"max-image-preview:large","max-video-preview":"max-video-preview:-1"},"canonical":"https:\/\/c-saf.ca\/fr\/quest-ce-que-le-saf\/saf-rapports\/","og_locale":"fr_FR","og_type":"article","og_title":"Rapports d'information SAF - C-SAF","og_description":"D\u00e9carboner l\u2019aviation canadienne La voie vers un vol durable gr\u00e2ce \u00e0 l\u2019innovation en carburants d\u2019aviation durables (SAF) &nbsp; Le Conseil canadien des carburants d\u2019aviation durables (C-SAF) a publi\u00e9 une s\u00e9rie de documents d\u2019information essentiels et d\u2019analyses qui soutiennent la transition vers les carburants d\u2019aviation durables au Canada. Des cadres politiques aux voies de production, ces [&hellip;]","og_url":"https:\/\/c-saf.ca\/fr\/quest-ce-que-le-saf\/saf-rapports\/","og_site_name":"C-SAF","article_modified_time":"2025-12-23T18:50:12+00:00","twitter_card":"summary_large_image","twitter_misc":{"Dur\u00e9e de lecture estim\u00e9e":"4 minutes"},"schema":{"@context":"https:\/\/schema.org","@graph":[{"@type":"WebPage","@id":"https:\/\/c-saf.ca\/fr\/quest-ce-que-le-saf\/saf-rapports\/","url":"https:\/\/c-saf.ca\/fr\/quest-ce-que-le-saf\/saf-rapports\/","name":"Rapports d'information SAF - C-SAF","isPartOf":{"@id":"https:\/\/c-saf.ca\/fr\/#website"},"datePublished":"2025-10-09T19:58:07+00:00","dateModified":"2025-12-23T18:50:12+00:00","breadcrumb":{"@id":"https:\/\/c-saf.ca\/fr\/quest-ce-que-le-saf\/saf-rapports\/#breadcrumb"},"inLanguage":"fr-FR","potentialAction":[{"@type":"ReadAction","target":["https:\/\/c-saf.ca\/fr\/quest-ce-que-le-saf\/saf-rapports\/"]}]},{"@type":"BreadcrumbList","@id":"https:\/\/c-saf.ca\/fr\/quest-ce-que-le-saf\/saf-rapports\/#breadcrumb","itemListElement":[{"@type":"ListItem","position":1,"name":"Home","item":"https:\/\/c-saf.ca\/fr\/"},{"@type":"ListItem","position":2,"name":"Qu&#8217;est-ce que le SAF","item":"https:\/\/c-saf.ca\/fr\/what-is-saf\/"},{"@type":"ListItem","position":3,"name":"Rapports d&#8217;information SAF"}]},{"@type":"WebSite","@id":"https:\/\/c-saf.ca\/fr\/#website","url":"https:\/\/c-saf.ca\/fr\/","name":"C-SAF","description":"Canadian Council for Sustainable Aviation Fuels Conseil Canadien de Carburants Aviation Durables","publisher":{"@id":"https:\/\/c-saf.ca\/fr\/#organization"},"potentialAction":[{"@type":"SearchAction","target":{"@type":"EntryPoint","urlTemplate":"https:\/\/c-saf.ca\/fr\/?s={search_term_string}"},"query-input":{"@type":"PropertyValueSpecification","valueRequired":true,"valueName":"search_term_string"}}],"inLanguage":"fr-FR"},{"@type":"Organization","@id":"https:\/\/c-saf.ca\/fr\/#organization","name":"Canadian Council for Sustainable Aviation Fuels","url":"https:\/\/c-saf.ca\/fr\/","logo":{"@type":"ImageObject","inLanguage":"fr-FR","@id":"https:\/\/c-saf.ca\/fr\/#\/schema\/logo\/image\/","url":"https:\/\/c-saf.ca\/wp-content\/uploads\/2022\/01\/logo-horizontal-dark.svg","contentUrl":"https:\/\/c-saf.ca\/wp-content\/uploads\/2022\/01\/logo-horizontal-dark.svg","width":177,"height":44,"caption":"Canadian Council for Sustainable Aviation Fuels"},"image":{"@id":"https:\/\/c-saf.ca\/fr\/#\/schema\/logo\/image\/"}}]}},"_links":{"self":[{"href":"https:\/\/c-saf.ca\/fr\/wp-json\/wp\/v2\/pages\/3025","targetHints":{"allow":["GET"]}}],"collection":[{"href":"https:\/\/c-saf.ca\/fr\/wp-json\/wp\/v2\/pages"}],"about":[{"href":"https:\/\/c-saf.ca\/fr\/wp-json\/wp\/v2\/types\/page"}],"author":[{"embeddable":true,"href":"https:\/\/c-saf.ca\/fr\/wp-json\/wp\/v2\/users\/2"}],"replies":[{"embeddable":true,"href":"https:\/\/c-saf.ca\/fr\/wp-json\/wp\/v2\/comments?post=3025"}],"version-history":[{"count":10,"href":"https:\/\/c-saf.ca\/fr\/wp-json\/wp\/v2\/pages\/3025\/revisions"}],"predecessor-version":[{"id":3566,"href":"https:\/\/c-saf.ca\/fr\/wp-json\/wp\/v2\/pages\/3025\/revisions\/3566"}],"up":[{"embeddable":true,"href":"https:\/\/c-saf.ca\/fr\/wp-json\/wp\/v2\/pages\/943"}],"wp:attachment":[{"href":"https:\/\/c-saf.ca\/fr\/wp-json\/wp\/v2\/media?parent=3025"}],"curies":[{"name":"wp","href":"https:\/\/api.w.org\/{rel}","templated":true}]}}