{"id":943,"date":"2022-01-19T19:20:26","date_gmt":"2022-01-19T19:20:26","guid":{"rendered":"https:\/\/the-canadian-council-for-sustainable-aviation-fuels.local\/quest-ce-que-le-saf\/"},"modified":"2022-04-14T14:27:59","modified_gmt":"2022-04-14T14:27:59","slug":"quest-ce-que-le-saf","status":"publish","type":"page","link":"https:\/\/c-saf.ca\/fr\/quest-ce-que-le-saf\/","title":{"rendered":"Qu&rsquo;est-ce que le SAF"},"content":{"rendered":"<p>[et_pb_section fb_built=\u00a0\u00bb1&Prime; _builder_version=\u00a0\u00bb4.6.6&Prime; _module_preset=\u00a0\u00bbdefault\u00a0\u00bb background_enable_color=\u00a0\u00bboff\u00a0\u00bb z_index=\u00a0\u00bb11&Prime; width=\u00a0\u00bb100%\u00a0\u00bb max_width=\u00a0\u00bb100%\u00a0\u00bb custom_margin=\u00a0\u00bb0px||0px||true|false\u00a0\u00bb custom_padding=\u00a0\u00bb0px||0px||true|false\u00a0\u00bb box_shadow_style=\u00a0\u00bbpreset3&Prime; box_shadow_vertical=\u00a0\u00bb18px\u00a0\u00bb box_shadow_blur=\u00a0\u00bb25px\u00a0\u00bb][et_pb_row column_structure=\u00a0\u00bb1_2,1_2&Prime; use_custom_gutter=\u00a0\u00bbon\u00a0\u00bb gutter_width=\u00a0\u00bb1&Prime; make_equal=\u00a0\u00bbon\u00a0\u00bb _builder_version=\u00a0\u00bb4.6.6&Prime; _module_preset=\u00a0\u00bbdefault\u00a0\u00bb background_enable_image=\u00a0\u00bboff\u00a0\u00bb width=\u00a0\u00bb100%\u00a0\u00bb max_width=\u00a0\u00bb100%\u00a0\u00bb custom_margin=\u00a0\u00bb0px||0px||true|false\u00a0\u00bb custom_padding=\u00a0\u00bb0px||0px||true|false\u00a0\u00bb][et_pb_column type=\u00a0\u00bb1_2&Prime; _builder_version=\u00a0\u00bb4.6.6&Prime; _module_preset=\u00a0\u00bbdefault\u00a0\u00bb background_image=\u00a0\u00bbhttps:\/\/c-saf.ca\/wp-content\/uploads\/2022\/01\/Header-BG.svg\u00a0\u00bb custom_padding=\u00a0\u00bb8%||8%||true|false\u00a0\u00bb][et_pb_text _builder_version=\u00a0\u00bb4.6.6&Prime; _module_preset=\u00a0\u00bbdefault\u00a0\u00bb text_text_color=\u00a0\u00bb#2F4340&Prime; text_font_size=\u00a0\u00bb18px\u00a0\u00bb header_font=\u00a0\u00bb|700|||||||\u00a0\u00bb header_text_color=\u00a0\u00bb#2F4340&Prime; header_font_size=\u00a0\u00bb64px\u00a0\u00bb background_enable_image=\u00a0\u00bboff\u00a0\u00bb transform_scale_linked=\u00a0\u00bboff\u00a0\u00bb transform_translate_linked=\u00a0\u00bboff\u00a0\u00bb custom_margin=\u00a0\u00bb15%|10%||10%|false|true\u00a0\u00bb custom_padding=\u00a0\u00bb||||false|false\u00a0\u00bb text_font_size_tablet=\u00a0\u00bb\u00a0\u00bb text_font_size_phone=\u00a0\u00bb16px\u00a0\u00bb text_font_size_last_edited=\u00a0\u00bbon|phone\u00a0\u00bb header_font_size_tablet=\u00a0\u00bb\u00a0\u00bb header_font_size_phone=\u00a0\u00bb40px\u00a0\u00bb header_font_size_last_edited=\u00a0\u00bbon|phone\u00a0\u00bb]<\/p>\n<h1>Que veut dire SAF ?<\/h1>\n<p><span class=\"TextRun SCXW73522501 BCX0\" lang=\"EN-CA\" xml:lang=\"EN-CA\" data-contrast=\"auto\"><span class=\"NormalTextRun SCXW73522501 BCX0\" data-ccp-parastyle=\"Body Text\">Le terme \u00ab\u00a0SAF\u00a0\u00bb est utilis\u00e9 dans l&rsquo;aviation pour <\/span><span class=\"NormalTextRun SCXW73522501 BCX0\" data-ccp-parastyle=\"Body Text\">r\u00e9f\u00e9rer<\/span><span class=\"NormalTextRun SCXW73522501 BCX0\" data-ccp-parastyle=\"Body Text\"> aux c<\/span><\/span><span class=\"TextRun SCXW73522501 BCX0\" lang=\"EN-US\" xml:lang=\"EN-US\" data-contrast=\"auto\"><span class=\"NormalTextRun SCXW73522501 BCX0\" data-ccp-parastyle=\"Body Text\">arburants d&rsquo;aviation durables (SAF) <\/span><\/span><span class=\"TextRun SCXW73522501 BCX0\" lang=\"EN-CA\" xml:lang=\"EN-CA\" data-contrast=\"auto\"><span class=\"NormalTextRun SCXW73522501 BCX0\" data-ccp-parastyle=\"Body Text\">avec la notion comprise que<\/span> <span class=\"NormalTextRun SCXW73522501 BCX0\" data-ccp-parastyle=\"Body Text\">ces <\/span> <\/span><span class=\"TextRun SCXW73522501 BCX0\" lang=\"EN-US\" xml:lang=\"EN-US\" data-contrast=\"auto\"><span class=\"NormalTextRun SCXW73522501 BCX0\" data-ccp-parastyle=\"Body Text\">sont des carburants de remplacement qui r\u00e9duisent les \u00e9missions de gaz \u00e0 effet de serre, respectent les exigences de s\u00e9curit\u00e9 strictes pour les carburants \u00e0 utiliser dans les avions et utilisent des mati\u00e8res premi\u00e8res qui r\u00e9pondent aux directives de durabilit\u00e9 reconnues.<\/span><\/span>[\/et_pb_text][\/et_pb_column][et_pb_column type=\u00a0\u00bb1_2&Prime; module_class=\u00a0\u00bbcolumn-bg\u00a0\u00bb _builder_version=\u00a0\u00bb4.6.6&Prime; _module_preset=\u00a0\u00bbdefault\u00a0\u00bb background_image=\u00a0\u00bbhttps:\/\/c-saf.ca\/wp-content\/uploads\/2022\/01\/what-is-saf-header.jpg\u00a0\u00bb custom_padding=\u00a0\u00bb||||false|true\u00a0\u00bb][\/et_pb_column][\/et_pb_row][\/et_pb_section][et_pb_section fb_built=\u00a0\u00bb1&Prime; _builder_version=\u00a0\u00bb4.6.6&Prime; _module_preset=\u00a0\u00bbdefault\u00a0\u00bb background_image=\u00a0\u00bbhttps:\/\/c-saf.ca\/wp-content\/uploads\/2022\/01\/bg-swoop-long.svg\u00a0\u00bb][et_pb_row _builder_version=\u00a0\u00bb4.6.6&Prime; _module_preset=\u00a0\u00bbdefault\u00a0\u00bb width=\u00a0\u00bb43%\u00a0\u00bb width_tablet=\u00a0\u00bb\u00a0\u00bb width_phone=\u00a0\u00bb80%\u00a0\u00bb width_last_edited=\u00a0\u00bbon|phone\u00a0\u00bb][et_pb_column type=\u00a0\u00bb4_4&Prime; _builder_version=\u00a0\u00bb4.6.6&Prime; _module_preset=\u00a0\u00bbdefault\u00a0\u00bb][et_pb_text _builder_version=\u00a0\u00bb4.6.6&Prime; _module_preset=\u00a0\u00bbdefault\u00a0\u00bb text_text_color=\u00a0\u00bb#2F4340&Prime; text_font_size=\u00a0\u00bb20px\u00a0\u00bb text_line_height=\u00a0\u00bb1.5em\u00a0\u00bb header_2_font=\u00a0\u00bb|700|||||||\u00a0\u00bb header_2_text_align=\u00a0\u00bbcenter\u00a0\u00bb header_2_text_color=\u00a0\u00bb#2F4340&Prime; header_2_font_size=\u00a0\u00bb40px\u00a0\u00bb text_font_size_tablet=\u00a0\u00bb\u00a0\u00bb text_font_size_phone=\u00a0\u00bb16px\u00a0\u00bb text_font_size_last_edited=\u00a0\u00bbon|phone\u00a0\u00bb header_2_text_align_tablet=\u00a0\u00bb\u00a0\u00bb header_2_text_align_phone=\u00a0\u00bbleft\u00a0\u00bb header_2_text_align_last_edited=\u00a0\u00bbon|phone\u00a0\u00bb header_2_font_size_tablet=\u00a0\u00bb\u00a0\u00bb header_2_font_size_phone=\u00a0\u00bb24px\u00a0\u00bb header_2_font_size_last_edited=\u00a0\u00bbon|phone\u00a0\u00bb]<\/p>\n<h2 class=\"members-subtitle\">Quelle est la diff\u00e9rence entre le k\u00e9ros\u00e8ne traditionnel et le SAF ?<\/h2>\n<p>Le carbur\u00e9acteur traditionnel est compos\u00e9 de mol\u00e9cules de carbone et d&rsquo;hydrog\u00e8ne qui sont raffin\u00e9es \u00e0 partir de mati\u00e8res premi\u00e8res de carbone fossile (p\u00e9trole brut). Lorsqu&rsquo;il est br\u00fbl\u00e9, le carbur\u00e9acteur traditionnel produit des \u00e9missions de gaz \u00e0 effet de serre qui s&rsquo;ajoutent \u00e0 la concentration mondiale globale de CO2 dans l&rsquo;atmosph\u00e8re.[\/et_pb_text][\/et_pb_column][\/et_pb_row][\/et_pb_section][et_pb_section fb_built=\u00a0\u00bb1&Prime; _builder_version=\u00a0\u00bb4.6.6&Prime; _module_preset=\u00a0\u00bbdefault\u00a0\u00bb background_enable_image=\u00a0\u00bboff\u00a0\u00bb z_index=\u00a0\u00bb6&Prime; box_shadow_style=\u00a0\u00bbpreset3&Prime; box_shadow_vertical=\u00a0\u00bb18px\u00a0\u00bb box_shadow_blur=\u00a0\u00bb25px\u00a0\u00bb][et_pb_row _builder_version=\u00a0\u00bb4.6.6&Prime; _module_preset=\u00a0\u00bbdefault\u00a0\u00bb width=\u00a0\u00bb43%\u00a0\u00bb width_tablet=\u00a0\u00bb\u00a0\u00bb width_phone=\u00a0\u00bb80%\u00a0\u00bb width_last_edited=\u00a0\u00bbon|phone\u00a0\u00bb custom_margin=\u00a0\u00bb||||false|false\u00a0\u00bb custom_padding=\u00a0\u00bb||0px||false|false\u00a0\u00bb][et_pb_column type=\u00a0\u00bb4_4&Prime; _builder_version=\u00a0\u00bb4.6.6&Prime; _module_preset=\u00a0\u00bbdefault\u00a0\u00bb][et_pb_text _builder_version=\u00a0\u00bb4.6.6&Prime; _module_preset=\u00a0\u00bbdefault\u00a0\u00bb text_text_color=\u00a0\u00bb#2F4340&Prime; text_font_size=\u00a0\u00bb20px\u00a0\u00bb header_2_font=\u00a0\u00bb|700|||||||\u00a0\u00bb header_2_text_align=\u00a0\u00bbcenter\u00a0\u00bb header_2_text_color=\u00a0\u00bb#2F4340&Prime; header_2_font_size=\u00a0\u00bb40px\u00a0\u00bb header_2_font_size_tablet=\u00a0\u00bb\u00a0\u00bb header_2_font_size_phone=\u00a0\u00bb24px\u00a0\u00bb header_2_font_size_last_edited=\u00a0\u00bbon|phone\u00a0\u00bb]<\/p>\n<h2>Comment le SAF est-il produit ?<\/h2>\n<p>[\/et_pb_text][\/et_pb_column][\/et_pb_row][et_pb_row _builder_version=\u00a0\u00bb4.6.6&Prime; _module_preset=\u00a0\u00bbdefault\u00a0\u00bb width=\u00a0\u00bb100%\u00a0\u00bb max_width=\u00a0\u00bb100%\u00a0\u00bb custom_margin=\u00a0\u00bb||||false|false\u00a0\u00bb custom_padding=\u00a0\u00bb0px||||false|false\u00a0\u00bb][et_pb_column type=\u00a0\u00bb4_4&Prime; _builder_version=\u00a0\u00bb4.6.6&Prime; _module_preset=\u00a0\u00bbdefault\u00a0\u00bb][et_pb_image src=\u00a0\u00bbhttps:\/\/c-saf.ca\/wp-content\/uploads\/2022\/04\/CSAF00_Production_process_20220225_FR.png\u00a0\u00bb title_text=\u00a0\u00bbCSAF00_Production_process_20220225_FR\u00a0\u00bb _builder_version=\u00a0\u00bb4.6.6&Prime; _module_preset=\u00a0\u00bbdefault\u00a0\u00bb hover_enabled=\u00a0\u00bb0&Prime; sticky_enabled=\u00a0\u00bb0&Prime;][\/et_pb_image][\/et_pb_column][\/et_pb_row][et_pb_row _builder_version=\u00a0\u00bb4.6.6&Prime; _module_preset=\u00a0\u00bbdefault\u00a0\u00bb width=\u00a0\u00bb43%\u00a0\u00bb width_tablet=\u00a0\u00bb\u00a0\u00bb width_phone=\u00a0\u00bb80%\u00a0\u00bb width_last_edited=\u00a0\u00bbon|phone\u00a0\u00bb custom_padding=\u00a0\u00bb0px||||false|false\u00a0\u00bb][et_pb_column type=\u00a0\u00bb4_4&Prime; _builder_version=\u00a0\u00bb4.6.6&Prime; _module_preset=\u00a0\u00bbdefault\u00a0\u00bb][et_pb_text _builder_version=\u00a0\u00bb4.6.6&Prime; _module_preset=\u00a0\u00bbdefault\u00a0\u00bb text_text_color=\u00a0\u00bb#2F4340&Prime; text_font_size=\u00a0\u00bb20px\u00a0\u00bb text_line_height=\u00a0\u00bb1.5em\u00a0\u00bb header_2_font=\u00a0\u00bb|700|||||||\u00a0\u00bb header_2_text_align=\u00a0\u00bbcenter\u00a0\u00bb header_2_text_color=\u00a0\u00bb#2F4340&Prime; header_2_font_size=\u00a0\u00bb40px\u00a0\u00bb text_font_size_tablet=\u00a0\u00bb\u00a0\u00bb text_font_size_phone=\u00a0\u00bb16px\u00a0\u00bb text_font_size_last_edited=\u00a0\u00bbon|phone\u00a0\u00bb]Le SAF est produit en rempla\u00e7ant le carbone fossile par le carbone atmosph\u00e9rique durable comme mati\u00e8re premi\u00e8re du carburant. Le carbone atmosph\u00e9rique durable est un carbone qui se retrouve dans l&rsquo;atmosph\u00e8re, tels que les r\u00e9sidus forestiers et agricoles, les huiles v\u00e9g\u00e9tales et les suifs et qui est captur\u00e9 dans des mat\u00e9riaux renouvelables. Cela peut aussi \u00eatre des mol\u00e9cules de carbone recycl\u00e9es \u00e0 partir des d\u00e9chets municipaux et des flux de d\u00e9chets industriels.<\/p>\n<p>\u00c0 court et \u00e0 moyen terme, des SAF \u00e0 faible intensit\u00e9 de carbone sont fabriqu\u00e9s \u00e0 partir de d\u00e9chets tels que les huiles de cuisson usag\u00e9es, ce qui r\u00e9duit consid\u00e9rablement l&#8217;empreinte carbone du secteur de l&rsquo;aviation tout en utilisant la cha\u00eene d&rsquo;approvisionnement et les infrastructures actuelles.<\/p>\n<p>D&rsquo;autres mati\u00e8res premi\u00e8res telles que les r\u00e9sidus de biomasse (for\u00eat et agriculture) peuvent \u00eatre transform\u00e9es en ce que l&rsquo;on appelle des biobruts, qui peuvent \u00eatre facilement valoris\u00e9s en SAF \u00e0 faible intensit\u00e9 de carbone. En outre, le carbone peut \u00e9galement \u00eatre captur\u00e9 dans l&rsquo;air ou par un processus industriel et l&rsquo;utilisation d&rsquo;\u00e9nergies renouvelables et d&rsquo;hydrog\u00e8ne \u00e0 faible intensit\u00e9 de carbone peut \u00eatre valoris\u00e9 en SAF.[\/et_pb_text][\/et_pb_column][\/et_pb_row][\/et_pb_section][et_pb_section fb_built=\u00a0\u00bb1&Prime; custom_padding_last_edited=\u00a0\u00bbon|phone\u00a0\u00bb _builder_version=\u00a0\u00bb4.6.6&Prime; _module_preset=\u00a0\u00bbdefault\u00a0\u00bb background_color=\u00a0\u00bb#F5F9F1&Prime; z_index=\u00a0\u00bb5&Prime; custom_padding=\u00a0\u00bb|5%||5%|false|true\u00a0\u00bb custom_padding_tablet=\u00a0\u00bb\u00a0\u00bb custom_padding_phone=\u00a0\u00bb|0%||0%|false|true\u00a0\u00bb box_shadow_style=\u00a0\u00bbpreset3&Prime; box_shadow_vertical=\u00a0\u00bb18px\u00a0\u00bb box_shadow_blur=\u00a0\u00bb25px\u00a0\u00bb][et_pb_row column_structure=\u00a0\u00bb1_2,1_2&Prime; _builder_version=\u00a0\u00bb4.6.6&Prime; _module_preset=\u00a0\u00bbdefault\u00a0\u00bb width=\u00a0\u00bb100%\u00a0\u00bb width_tablet=\u00a0\u00bb\u00a0\u00bb width_phone=\u00a0\u00bb80%\u00a0\u00bb width_last_edited=\u00a0\u00bbon|phone\u00a0\u00bb max_width=\u00a0\u00bb100%\u00a0\u00bb max_width_tablet=\u00a0\u00bb\u00a0\u00bb max_width_phone=\u00a0\u00bb\u00a0\u00bb max_width_last_edited=\u00a0\u00bbon|phone\u00a0\u00bb custom_padding=\u00a0\u00bb||0px||false|false\u00a0\u00bb][et_pb_column type=\u00a0\u00bb1_2&Prime; _builder_version=\u00a0\u00bb4.6.6&Prime; _module_preset=\u00a0\u00bbdefault\u00a0\u00bb][et_pb_text _builder_version=\u00a0\u00bb4.6.6&Prime; _module_preset=\u00a0\u00bbdefault\u00a0\u00bb text_text_color=\u00a0\u00bb#2F4340&Prime; text_font_size=\u00a0\u00bb20px\u00a0\u00bb text_line_height=\u00a0\u00bb1.5em\u00a0\u00bb header_2_font=\u00a0\u00bb|700|||||||\u00a0\u00bb header_2_text_color=\u00a0\u00bb#2F4340&Prime; header_2_font_size=\u00a0\u00bb40px\u00a0\u00bb text_font_size_tablet=\u00a0\u00bb\u00a0\u00bb text_font_size_phone=\u00a0\u00bb16px\u00a0\u00bb text_font_size_last_edited=\u00a0\u00bbon|phone\u00a0\u00bb header_2_font_size_tablet=\u00a0\u00bb\u00a0\u00bb header_2_font_size_phone=\u00a0\u00bb32px\u00a0\u00bb header_2_font_size_last_edited=\u00a0\u00bbon|phone\u00a0\u00bb]<\/p>\n<h2 class=\"members-subtitle\">Quels sont les avantages du SAF ?<\/h2>\n<p>Bien que l&rsquo;aviation ne contribue qu&rsquo;\u00e0 moins de 2 % des \u00e9missions mondiales de carbone (parmi les plus faibles des secteurs des transports), il s&rsquo;agit du secteur le plus difficile \u00e0 d\u00e9carboniser avec les moyens verts habituels comme l&rsquo;\u00e9lectricit\u00e9, les batteries vertes ou, l&rsquo;hydrog\u00e8ne. C&rsquo;est pourquoi nous devons nous tourner vers le carbone recycl\u00e9.<\/p>\n<p>Alors que le carbur\u00e9acteur traditionnel ajoute au niveau global de CO2 en \u00e9mettant du carbone pr\u00e9c\u00e9demment enferm\u00e9, le SAF r\u00e9duit les \u00e9missions de CO2 du cycle de vie jusqu&rsquo;\u00e0 80 % et est durable. Ainsi, il ne cause pas d&rsquo;impacts n\u00e9gatifs sur les \u00e9cosyst\u00e8mes et am\u00e9liore la durabilit\u00e9 de l&rsquo;industrie a\u00e9ronautique.[\/et_pb_text][\/et_pb_column][et_pb_column type=\u00a0\u00bb1_2&Prime; _builder_version=\u00a0\u00bb4.6.6&Prime; _module_preset=\u00a0\u00bbdefault\u00a0\u00bb][et_pb_image src=\u00a0\u00bbhttps:\/\/c-saf.ca\/wp-content\/uploads\/2022\/01\/c02-emissions.svg\u00a0\u00bb title_text=\u00a0\u00bb\u00e9missions de c02&Prime; _builder_version=\u00a0\u00bb4.6.6&Prime; _module_preset=\u00a0\u00bbdefault\u00a0\u00bb][\/et_pb_image][\/et_pb_column][\/et_pb_row][\/et_pb_section][et_pb_section fb_built=\u00a0\u00bb1&Prime; _builder_version=\u00a0\u00bb4.6.6&Prime; _module_preset=\u00a0\u00bbdefault\u00a0\u00bb background_enable_color=\u00a0\u00bboff\u00a0\u00bb z_index=\u00a0\u00bb4&Prime; width=\u00a0\u00bb100%\u00a0\u00bb max_width=\u00a0\u00bb100%\u00a0\u00bb custom_margin=\u00a0\u00bb0px||0px||true|false\u00a0\u00bb custom_padding=\u00a0\u00bb0px||0px||true|false\u00a0\u00bb box_shadow_style=\u00a0\u00bbpreset3&Prime; box_shadow_vertical=\u00a0\u00bb18px\u00a0\u00bb box_shadow_blur=\u00a0\u00bb25px\u00a0\u00bb][et_pb_row column_structure=\u00a0\u00bb1_2,1_2&Prime; use_custom_gutter=\u00a0\u00bbon\u00a0\u00bb gutter_width=\u00a0\u00bb1&Prime; make_equal=\u00a0\u00bbon\u00a0\u00bb module_class=\u00a0\u00bbtext-img\u00a0\u00bb _builder_version=\u00a0\u00bb4.6.6&Prime; _module_preset=\u00a0\u00bbdefault\u00a0\u00bb background_enable_image=\u00a0\u00bboff\u00a0\u00bb width=\u00a0\u00bb100%\u00a0\u00bb max_width=\u00a0\u00bb100%\u00a0\u00bb custom_margin=\u00a0\u00bb0px||0px||true|false\u00a0\u00bb custom_padding=\u00a0\u00bb0px||0px||true|false\u00a0\u00bb][et_pb_column type=\u00a0\u00bb1_2&Prime; module_class=\u00a0\u00bbcolumn-bg\u00a0\u00bb _builder_version=\u00a0\u00bb4.6.6&Prime; _module_preset=\u00a0\u00bbdefault\u00a0\u00bb background_image=\u00a0\u00bbhttps:\/\/c-saf.ca\/wp-content\/uploads\/2022\/01\/windmill-edit-desktop.jpg\u00a0\u00bb background_position=\u00a0\u00bbbottom_center\u00a0\u00bb custom_padding=\u00a0\u00bb||||true|true\u00a0\u00bb background_last_edited=\u00a0\u00bbon|phone\u00a0\u00bb background_image_phone=\u00a0\u00bbhttps:\/\/c-saf.ca\/wp-content\/uploads\/2022\/01\/windmill-edit-mobile.jpg\u00a0\u00bb background_enable_image_phone=\u00a0\u00bbon\u00a0\u00bb title_text_phone=\u00a0\u00bbwindmill-edit-mobile\u00a0\u00bb][\/et_pb_column][et_pb_column type=\u00a0\u00bb1_2&Prime; _builder_version=\u00a0\u00bb4.6.6&Prime; _module_preset=\u00a0\u00bbdefault\u00a0\u00bb background_image=\u00a0\u00bbhttps:\/\/c-saf.ca\/wp-content\/uploads\/2022\/01\/BG-task-groups.svg\u00a0\u00bb background_position=\u00a0\u00bbtop_center\u00a0\u00bb custom_padding=\u00a0\u00bb8%||8%||true|false\u00a0\u00bb][et_pb_text _builder_version=\u00a0\u00bb4.6.6&Prime; _module_preset=\u00a0\u00bbdefault\u00a0\u00bb text_text_color=\u00a0\u00bb#2F4340&Prime; text_font_size=\u00a0\u00bb20px\u00a0\u00bb header_font=\u00a0\u00bb|700|||||||\u00a0\u00bb header_text_color=\u00a0\u00bb#2F4340&Prime; header_font_size=\u00a0\u00bb64px\u00a0\u00bb header_2_font=\u00a0\u00bb|700|||||||\u00a0\u00bb header_2_text_color=\u00a0\u00bb#2F4340&Prime; header_2_font_size=\u00a0\u00bb40px\u00a0\u00bb background_enable_image=\u00a0\u00bboff\u00a0\u00bb transform_scale_linked=\u00a0\u00bboff\u00a0\u00bb transform_translate_linked=\u00a0\u00bboff\u00a0\u00bb custom_margin=\u00a0\u00bb30%|10%||10%|false|true\u00a0\u00bb custom_padding=\u00a0\u00bb||||false|false\u00a0\u00bb text_font_size_tablet=\u00a0\u00bb\u00a0\u00bb text_font_size_phone=\u00a0\u00bb16px\u00a0\u00bb text_font_size_last_edited=\u00a0\u00bbon|desktop\u00a0\u00bb header_2_font_size_tablet=\u00a0\u00bb\u00a0\u00bb header_2_font_size_phone=\u00a0\u00bb32px\u00a0\u00bb header_2_font_size_last_edited=\u00a0\u00bbon|phone\u00a0\u00bb]<\/p>\n<h2>Pourquoi le Canada devrait-il produire des SAF ?<\/h2>\n<p>Le Canada est un fournisseur mondial de mati\u00e8res premi\u00e8res durables, \u00e0 faible co\u00fbt et \u00e0 faible intensit\u00e9 de carbone qui peuvent \u00eatre facilement transform\u00e9es en carburant d&rsquo;aviation durable.<\/p>\n<p>Les carburants d&rsquo;aviation durables restent la meilleure alternative de l&rsquo;aviation pour d\u00e9carboniser et atteindre les objectifs climatiques, car il s&rsquo;agit d&rsquo;une solution d\u00e9ployable \u00e0 court terme, qui n\u00e9cessite un investissement minimal dans la flotte des compagnies a\u00e9riennes et qui utilise les cha\u00eenes de livraison et d&rsquo;approvisionnement existantes.<\/p>\n<p>Le secteur canadien de l&rsquo;aviation a besoin de SAF pour rester concurrentiel \u00e0 l&rsquo;avenir. Le SAF est une strat\u00e9gie essentielle pour que l&rsquo;industrie atteigne les objectifs z\u00e9ro \u00e9mission, tout en continuant d&rsquo;investir dans de nouvelles technologies a\u00e9ronautiques et une propulsion alternative (solutions \u00e9lectriques ou \u00e0 hydrog\u00e8ne), d&rsquo;am\u00e9liorer continuellement l&rsquo;infrastructure et les op\u00e9rations (c&rsquo;est-\u00e0-dire le contr\u00f4le du trafic a\u00e9rien) et d&rsquo;utiliser des compensations approuv\u00e9es, y compris la capture du carbone.[\/et_pb_text][\/et_pb_column][\/et_pb_row][\/et_pb_section][et_pb_section fb_built=\u00a0\u00bb1&Prime; _builder_version=\u00a0\u00bb4.6.6&Prime; _module_preset=\u00a0\u00bbdefault\u00a0\u00bb background_enable_color=\u00a0\u00bboff\u00a0\u00bb z_index=\u00a0\u00bb3&Prime; width=\u00a0\u00bb100%\u00a0\u00bb max_width=\u00a0\u00bb100%\u00a0\u00bb custom_margin=\u00a0\u00bb0px||0px||true|false\u00a0\u00bb custom_padding=\u00a0\u00bb0px||0px||true|false\u00a0\u00bb box_shadow_style=\u00a0\u00bbpreset3&Prime; box_shadow_vertical=\u00a0\u00bb18px\u00a0\u00bb box_shadow_blur=\u00a0\u00bb25px\u00a0\u00bb][et_pb_row column_structure=\u00a0\u00bb1_2,1_2&Prime; use_custom_gutter=\u00a0\u00bbon\u00a0\u00bb gutter_width=\u00a0\u00bb1&Prime; make_equal=\u00a0\u00bbon\u00a0\u00bb module_class=\u00a0\u00bbtext-img custom-row\u00a0\u00bb _builder_version=\u00a0\u00bb4.6.6&Prime; _module_preset=\u00a0\u00bbdefault\u00a0\u00bb background_enable_image=\u00a0\u00bboff\u00a0\u00bb width=\u00a0\u00bb100%\u00a0\u00bb max_width=\u00a0\u00bb100%\u00a0\u00bb custom_margin=\u00a0\u00bb0px||0px||true|false\u00a0\u00bb custom_padding=\u00a0\u00bb0px||0px||true|false\u00a0\u00bb][et_pb_column type=\u00a0\u00bb1_2&Prime; module_class=\u00a0\u00bbsecond-on-mobile\u00a0\u00bb _builder_version=\u00a0\u00bb4.6.6&Prime; _module_preset=\u00a0\u00bbdefault\u00a0\u00bb background_image=\u00a0\u00bbhttps:\/\/c-saf.ca\/wp-content\/uploads\/2022\/01\/BG-members.svg\u00a0\u00bb background_position=\u00a0\u00bbtop_center\u00a0\u00bb custom_padding=\u00a0\u00bb8%||8%||true|false\u00a0\u00bb][et_pb_text _builder_version=\u00a0\u00bb4.6.6&Prime; _module_preset=\u00a0\u00bbdefault\u00a0\u00bb text_text_color=\u00a0\u00bb#2F4340&Prime; text_font_size=\u00a0\u00bb20px\u00a0\u00bb header_font=\u00a0\u00bb|700|||||||\u00a0\u00bb header_text_color=\u00a0\u00bb#2F4340&Prime; header_font_size=\u00a0\u00bb64px\u00a0\u00bb header_2_font=\u00a0\u00bb|700|||||||\u00a0\u00bb header_2_text_color=\u00a0\u00bb#2F4340&Prime; header_2_font_size=\u00a0\u00bb40px\u00a0\u00bb background_enable_image=\u00a0\u00bboff\u00a0\u00bb transform_scale_linked=\u00a0\u00bboff\u00a0\u00bb transform_translate_linked=\u00a0\u00bboff\u00a0\u00bb custom_margin=\u00a0\u00bb30%|10%||10%|false|true\u00a0\u00bb custom_padding=\u00a0\u00bb||||false|false\u00a0\u00bb text_font_size_tablet=\u00a0\u00bb\u00a0\u00bb text_font_size_phone=\u00a0\u00bb16px\u00a0\u00bb text_font_size_last_edited=\u00a0\u00bbon|phone\u00a0\u00bb header_2_font_size_tablet=\u00a0\u00bb\u00a0\u00bb header_2_font_size_phone=\u00a0\u00bb32px\u00a0\u00bb header_2_font_size_last_edited=\u00a0\u00bbon|phone\u00a0\u00bb]<\/p>\n<h2>Y a-t-il des SAF produits au Canada ?<\/h2>\n<p>Il y a actuellement tr\u00e8s peu de SAF fabriqu\u00e9s au Canada. Seule une poign\u00e9e de raffineurs de SAF aux \u00c9tats-Unis, en Europe et \u00e0 Singapour produisent ou produiront des volumes significatifs de SAF.<\/p>\n<p>Cependant, le Canada poss\u00e8de les bons ingr\u00e9dients pour cr\u00e9er un march\u00e9 de SAF abordable et fiable gr\u00e2ce \u00e0 des options de mati\u00e8res premi\u00e8res durables, \u00e0 des sources d&rsquo;\u00e9nergie \u00e0 faible \u00e9mission de carbone et \u00e0 des politiques \u00e9volutives li\u00e9es au climat, telles que des normes de carburant propre et la tarification du carbone.[\/et_pb_text][\/et_pb_column][et_pb_column type=\u00a0\u00bb1_2&Prime; module_class=\u00a0\u00bbcolumn-bg first-on-mobile\u00a0\u00bb _builder_version=\u00a0\u00bb4.6.6&Prime; _module_preset=\u00a0\u00bbdefault\u00a0\u00bb background_image=\u00a0\u00bbhttps:\/\/c-saf.ca\/wp-content\/uploads\/2022\/01\/trees-plane-flying.jpg\u00a0\u00bb custom_padding=\u00a0\u00bb||||true|true\u00a0\u00bb][\/et_pb_column][\/et_pb_row][\/et_pb_section][et_pb_section fb_built=\u00a0\u00bb1&Prime; _builder_version=\u00a0\u00bb4.6.6&Prime; _module_preset=\u00a0\u00bbdefault\u00a0\u00bb background_enable_color=\u00a0\u00bboff\u00a0\u00bb z_index=\u00a0\u00bb2&Prime; width=\u00a0\u00bb100%\u00a0\u00bb max_width=\u00a0\u00bb100%\u00a0\u00bb custom_margin=\u00a0\u00bb0px||0px||true|false\u00a0\u00bb custom_padding=\u00a0\u00bb0px||0px||true|false\u00a0\u00bb box_shadow_style=\u00a0\u00bbpreset3&Prime; box_shadow_vertical=\u00a0\u00bb18px\u00a0\u00bb box_shadow_blur=\u00a0\u00bb25px\u00a0\u00bb][et_pb_row column_structure=\u00a0\u00bb1_2,1_2&Prime; use_custom_gutter=\u00a0\u00bbon\u00a0\u00bb gutter_width=\u00a0\u00bb1&Prime; make_equal=\u00a0\u00bbon\u00a0\u00bb module_class=\u00a0\u00bbtext-img\u00a0\u00bb _builder_version=\u00a0\u00bb4.6.6&Prime; _module_preset=\u00a0\u00bbdefault\u00a0\u00bb background_enable_image=\u00a0\u00bboff\u00a0\u00bb width=\u00a0\u00bb100%\u00a0\u00bb max_width=\u00a0\u00bb100%\u00a0\u00bb custom_margin=\u00a0\u00bb0px||0px||true|false\u00a0\u00bb custom_padding=\u00a0\u00bb0px||0px||true|false\u00a0\u00bb][et_pb_column type=\u00a0\u00bb1_2&Prime; module_class=\u00a0\u00bbcolumn-bg\u00a0\u00bb _builder_version=\u00a0\u00bb4.6.6&Prime; _module_preset=\u00a0\u00bbdefault\u00a0\u00bb background_image=\u00a0\u00bbhttps:\/\/c-saf.ca\/wp-content\/uploads\/2022\/01\/canadian-parliament.jpg\u00a0\u00bb custom_padding=\u00a0\u00bb||||true|true\u00a0\u00bb][\/et_pb_column][et_pb_column type=\u00a0\u00bb1_2&Prime; _builder_version=\u00a0\u00bb4.6.6&Prime; _module_preset=\u00a0\u00bbdefault\u00a0\u00bb background_image=\u00a0\u00bbhttps:\/\/c-saf.ca\/wp-content\/uploads\/2022\/01\/BG-task-groups.svg\u00a0\u00bb background_position=\u00a0\u00bbtop_center\u00a0\u00bb custom_padding=\u00a0\u00bb8%||8%||true|false\u00a0\u00bb][et_pb_text _builder_version=\u00a0\u00bb4.6.6&Prime; _module_preset=\u00a0\u00bbdefault\u00a0\u00bb text_text_color=\u00a0\u00bb#2F4340&Prime; text_font_size=\u00a0\u00bb20px\u00a0\u00bb header_font=\u00a0\u00bb|700|||||||\u00a0\u00bb header_text_color=\u00a0\u00bb#2F4340&Prime; header_font_size=\u00a0\u00bb64px\u00a0\u00bb header_2_font=\u00a0\u00bb|700|||||||\u00a0\u00bb header_2_text_color=\u00a0\u00bb#2F4340&Prime; header_2_font_size=\u00a0\u00bb40px\u00a0\u00bb background_enable_image=\u00a0\u00bboff\u00a0\u00bb transform_scale_linked=\u00a0\u00bboff\u00a0\u00bb transform_translate_linked=\u00a0\u00bboff\u00a0\u00bb custom_margin=\u00a0\u00bb30%|10%||10%|false|true\u00a0\u00bb custom_padding=\u00a0\u00bb||||false|false\u00a0\u00bb text_font_size_tablet=\u00a0\u00bb\u00a0\u00bb text_font_size_phone=\u00a0\u00bb16px\u00a0\u00bb text_font_size_last_edited=\u00a0\u00bbon|phone\u00a0\u00bb header_2_font_size_tablet=\u00a0\u00bb\u00a0\u00bb header_2_font_size_phone=\u00a0\u00bb32px\u00a0\u00bb header_2_font_size_last_edited=\u00a0\u00bbon|phone\u00a0\u00bb]<\/p>\n<h2>Pourquoi les gouvernements devraient-ils s&rsquo;int\u00e9resser aux SAF ?<\/h2>\n<p>Compte tenu du co\u00fbt \u00e9lev\u00e9 du carburant d&rsquo;aviation, les gouvernements f\u00e9d\u00e9ral et provinciaux doivent collaborer avec le secteur de l&rsquo;aviation pour cr\u00e9er des solutions qui acc\u00e9l\u00e8rent la production de SAF au Canada et leur utilisation \u00e0 grande \u00e9chelle, afin de soutenir la transition de l&rsquo;aviation vers un avenir \u00e0 z\u00e9ro \u00e9mission.<\/p>\n<p>En travaillant avec l&rsquo;industrie pour \u00e9tablir des politiques solides et stables \u00e0 long terme, le Canada peut tirer parti de ses abondantes possibilit\u00e9s de mati\u00e8res premi\u00e8res durables et de son expertise en mati\u00e8re de raffinage pour cr\u00e9er un march\u00e9 des SAF \u00e0 faible \u00e9mission de carbone afin de fournir des SAF abordables et de mettre le secteur canadien de l&rsquo;aviation sur la voie rapide vers la d\u00e9carbonisation.[\/et_pb_text][\/et_pb_column][\/et_pb_row][\/et_pb_section][et_pb_section fb_built=\u00a0\u00bb1&Prime; _builder_version=\u00a0\u00bb4.6.6&Prime; _module_preset=\u00a0\u00bbdefault\u00a0\u00bb background_image=\u00a0\u00bbhttps:\/\/c-saf.ca\/wp-content\/uploads\/2022\/01\/BG-green.svg\u00a0\u00bb z_index=\u00a0\u00bb1&Prime; custom_padding=\u00a0\u00bb||||true|false\u00a0\u00bb box_shadow_style=\u00a0\u00bbpreset3&Prime; box_shadow_vertical=\u00a0\u00bb18px\u00a0\u00bb box_shadow_blur=\u00a0\u00bb25px\u00a0\u00bb][et_pb_row _builder_version=\u00a0\u00bb4.6.6&Prime; _module_preset=\u00a0\u00bbdefault\u00a0\u00bb custom_margin=\u00a0\u00bb3%||3%||true|false\u00a0\u00bb][et_pb_column type=\u00a0\u00bb4_4&Prime; _builder_version=\u00a0\u00bb4.6.6&Prime; _module_preset=\u00a0\u00bbdefault\u00a0\u00bb][et_pb_text _builder_version=\u00a0\u00bb4.6.6&Prime; _module_preset=\u00a0\u00bbdefault\u00a0\u00bb text_text_color=\u00a0\u00bb#F5F9F1&Prime; text_font_size=\u00a0\u00bb18px\u00a0\u00bb header_font=\u00a0\u00bb|700|||||||\u00a0\u00bb header_text_color=\u00a0\u00bb#F5F9F1&Prime; header_font_size=\u00a0\u00bb64px\u00a0\u00bb text_orientation=\u00a0\u00bbcenter\u00a0\u00bb max_width=\u00a0\u00bb57%\u00a0\u00bb max_width_tablet=\u00a0\u00bb\u00a0\u00bb max_width_phone=\u00a0\u00bb80%\u00a0\u00bb max_width_last_edited=\u00a0\u00bbon|phone\u00a0\u00bb module_alignment=\u00a0\u00bbcenter\u00a0\u00bb header_font_size_tablet=\u00a0\u00bb\u00a0\u00bb header_font_size_phone=\u00a0\u00bb40px\u00a0\u00bb header_font_size_last_edited=\u00a0\u00bbon|phone\u00a0\u00bb]<\/p>\n<h1 class=\"title-green-wave-bg\">Qu&rsquo;est-ce que le C-SAF ?<\/h1>\n<p>Form\u00e9 par des chefs de file de l&rsquo;industrie, C-SAF envisage de devenir la voix de SAF au Canada gr\u00e2ce au d\u00e9veloppement d&rsquo;opportunit\u00e9s de cha\u00eene de valeur, \u00e0 la conception et \u00e0 la promotion de politiques et de programmes publics judicieux et \u00e0 la sensibilisation du public aux avantages de la d\u00e9carbonisation de l&rsquo;aviation en mati\u00e8re de durabilit\u00e9.[\/et_pb_text][et_pb_button button_url=\u00a0\u00bbhttps:\/\/c-saf.ca\/quest-ce-que-le-c-saf\/?lang=fr\u00a0\u00bb button_text=\u00a0\u00bbEn savoir plus\u00a0\u00bb button_alignment=\u00a0\u00bbcenter\u00a0\u00bb module_class=\u00a0\u00bbbutton-state\u00a0\u00bb _builder_version=\u00a0\u00bb4.6.6&Prime; _module_preset=\u00a0\u00bbdefault\u00a0\u00bb custom_button=\u00a0\u00bbon\u00a0\u00bb button_text_size=\u00a0\u00bb14px\u00a0\u00bb button_text_color=\u00a0\u00bb#FFFFFF\u00a0\u00bb button_border_color=\u00a0\u00bb#F5F9F1&Prime; button_border_radius=\u00a0\u00bb8px\u00a0\u00bb button_font=\u00a0\u00bb|600|||||||\u00a0\u00bb button_use_icon=\u00a0\u00bboff\u00a0\u00bb transform_translate_linked=\u00a0\u00bboff\u00a0\u00bb custom_margin=\u00a0\u00bb3%||||false|false\u00a0\u00bb custom_padding=\u00a0\u00bb1%|4%|1%|4%|true|true\u00a0\u00bb custom_padding_tablet=\u00a0\u00bb\u00a0\u00bb custom_padding_phone=\u00a0\u00bb2%|7%|2%|7%|true|true\u00a0\u00bb custom_padding_last_edited=\u00a0\u00bbon|phone\u00a0\u00bb button_text_color__hover_enabled=\u00a0\u00bboff|desktop\u00a0\u00bb button_bg_color__hover_enabled=\u00a0\u00bboff|desktop\u00a0\u00bb button_bg_enable_color__hover=\u00a0\u00bboff\u00a0\u00bb button_border_color__hover_enabled=\u00a0\u00bboff|desktop\u00a0\u00bb button_border_width__hover_enabled=\u00a0\u00bboff|desktop\u00a0\u00bb][\/et_pb_button][\/et_pb_column][\/et_pb_row][\/et_pb_section][et_pb_section fb_built=\u00a0\u00bb1&Prime; _builder_version=\u00a0\u00bb4.6.6&Prime; _module_preset=\u00a0\u00bbdefault\u00a0\u00bb background_image=\u00a0\u00bbhttps:\/\/c-saf.ca\/wp-content\/uploads\/2021\/10\/ctaBG-2.svg\u00a0\u00bb z_index=\u00a0\u00bb0&Prime; custom_margin=\u00a0\u00bb||||false|false\u00a0\u00bb custom_padding=\u00a0\u00bb||||false|false\u00a0\u00bb box_shadow_style=\u00a0\u00bbpreset3&Prime; box_shadow_vertical=\u00a0\u00bb18px\u00a0\u00bb box_shadow_blur=\u00a0\u00bb25px\u00a0\u00bb global_module=\u00a0\u00bb380&Prime; saved_tabs=\u00a0\u00bball\u00a0\u00bb][et_pb_row _builder_version=\u00a0\u00bb4.6.6&Prime; _module_preset=\u00a0\u00bbdefault\u00a0\u00bb width=\u00a0\u00bb36%\u00a0\u00bb width_tablet=\u00a0\u00bb\u00a0\u00bb width_phone=\u00a0\u00bb80%\u00a0\u00bb width_last_edited=\u00a0\u00bbon|phone\u00a0\u00bb custom_margin=\u00a0\u00bb4%||4%|80px|true|false\u00a0\u00bb custom_margin_tablet=\u00a0\u00bb\u00a0\u00bb custom_margin_phone=\u00a0\u00bb|||40px|true|false\u00a0\u00bb custom_margin_last_edited=\u00a0\u00bbon|phone\u00a0\u00bb custom_padding=\u00a0\u00bb||||false|false\u00a0\u00bb][et_pb_column type=\u00a0\u00bb4_4&Prime; _builder_version=\u00a0\u00bb4.6.6&Prime; _module_preset=\u00a0\u00bbdefault\u00a0\u00bb][et_pb_text _builder_version=\u00a0\u00bb4.6.6&Prime; _module_preset=\u00a0\u00bbdefault\u00a0\u00bb text_text_color=\u00a0\u00bb#F5F9F1&Prime; text_font_size=\u00a0\u00bb16px\u00a0\u00bb header_3_font=\u00a0\u00bb|700|||||||\u00a0\u00bb header_3_text_color=\u00a0\u00bb#F5F9F1&Prime; header_3_font_size=\u00a0\u00bb24px\u00a0\u00bb background_layout=\u00a0\u00bbdark\u00a0\u00bb custom_margin=\u00a0\u00bb||40px||false|false\u00a0\u00bb]<\/p>\n<p><span class=\"become-member\">Devenir membre<\/span><\/p>\n<h3 class=\"title-member\">C-SAF vise \u00e0 faciliter et \u00e0 acc\u00e9l\u00e9rer le d\u00e9ploiement commercial de SAF au Canada.<\/h3>\n<p>Le Conseil \u00e9tablira une plate-forme pour la cha\u00eene de valeur des SAF afin de collaborer, de se connecter et de cr\u00e9er des solutions innovantes pour accro\u00eetre l&rsquo;\u00e9chelle et l&rsquo;utilisation des SAF au Canada. Joignez-vous \u00e0 nous d\u00e8s aujourd&rsquo;hui pour entrer en contact et collaborer avec diff\u00e9rents intervenants travaillant ensemble pour favoriser l&rsquo;innovation, la production et l&rsquo;utilisation des SAF au Canada et dans le reste du monde.<\/p>\n<p>[\/et_pb_text][et_pb_button button_url=\u00a0\u00bbhttps:\/\/safcommunity.org\/login\u00a0\u00bb url_new_window=\u00a0\u00bbon\u00a0\u00bb button_text=\u00a0\u00bbInscrivez-vous pour devenir membre\u00a0\u00bb module_class=\u00a0\u00bbbutton-state\u00a0\u00bb _builder_version=\u00a0\u00bb4.6.6&Prime; _module_preset=\u00a0\u00bbdefault\u00a0\u00bb custom_button=\u00a0\u00bbon\u00a0\u00bb button_text_size=\u00a0\u00bb14px\u00a0\u00bb button_text_color=\u00a0\u00bb#ffffff\u00a0\u00bb button_bg_color=\u00a0\u00bb#008754&Prime; button_border_width=\u00a0\u00bb0px\u00a0\u00bb button_border_radius=\u00a0\u00bb8px\u00a0\u00bb button_use_icon=\u00a0\u00bboff\u00a0\u00bb transform_translate_linked=\u00a0\u00bboff\u00a0\u00bb custom_padding=\u00a0\u00bb2%|8%|2%|8%|true|true\u00a0\u00bb custom_padding_tablet=\u00a0\u00bb\u00a0\u00bb custom_padding_phone=\u00a0\u00bb3.5%||3.5%||true|true\u00a0\u00bb custom_padding_last_edited=\u00a0\u00bbon|phone\u00a0\u00bb button_text_color__hover_enabled=\u00a0\u00bbon|hover\u00a0\u00bb button_bg_color__hover_enabled=\u00a0\u00bbon|hover\u00a0\u00bb button_bg_color__hover=\u00a0\u00bb\u00a0\u00bb button_bg_enable_color__hover=\u00a0\u00bboff\u00a0\u00bb button_text_color__hover=\u00a0\u00bb\u00a0\u00bb button_border_width__hover_enabled=\u00a0\u00bbon|hover\u00a0\u00bb button_border_color__hover_enabled=\u00a0\u00bbon|hover\u00a0\u00bb][\/et_pb_button][\/et_pb_column][\/et_pb_row][\/et_pb_section]<\/p>\n","protected":false},"excerpt":{"rendered":"<p>Que veut dire SAF ? Le terme \u00ab\u00a0SAF\u00a0\u00bb est utilis\u00e9 dans l&rsquo;aviation pour r\u00e9f\u00e9rer aux carburants d&rsquo;aviation durables (SAF) avec la notion comprise que ces sont des carburants de remplacement qui r\u00e9duisent les \u00e9missions de gaz \u00e0 effet de serre, respectent les exigences de s\u00e9curit\u00e9 strictes pour les carburants \u00e0 utiliser dans les avions et [&hellip;]<\/p>\n","protected":false},"author":1,"featured_media":0,"parent":0,"menu_order":0,"comment_status":"closed","ping_status":"closed","template":"","meta":{"_acf_changed":false,"_et_pb_use_builder":"on","_et_pb_old_content":"","_et_gb_content_width":"","inline_featured_image":false,"footnotes":""},"class_list":["post-943","page","type-page","status-publish","hentry"],"acf":[],"yoast_head":"<!-- This site is optimized with the Yoast SEO plugin v27.4 - https:\/\/yoast.com\/product\/yoast-seo-wordpress\/ -->\n<title>Qu&#039;est-ce que le SAF - C-SAF<\/title>\n<meta name=\"robots\" content=\"index, follow, max-snippet:-1, max-image-preview:large, max-video-preview:-1\" \/>\n<link rel=\"canonical\" href=\"https:\/\/c-saf.ca\/fr\/quest-ce-que-le-saf\/\" \/>\n<meta property=\"og:locale\" content=\"fr_FR\" \/>\n<meta property=\"og:type\" content=\"article\" \/>\n<meta property=\"og:title\" content=\"Qu&#039;est-ce que le SAF - C-SAF\" \/>\n<meta property=\"og:description\" content=\"Que veut dire SAF ? Le terme \u00ab\u00a0SAF\u00a0\u00bb est utilis\u00e9 dans l&#039;aviation pour r\u00e9f\u00e9rer aux carburants d&#039;aviation durables (SAF) avec la notion comprise que ces sont des carburants de remplacement qui r\u00e9duisent les \u00e9missions de gaz \u00e0 effet de serre, respectent les exigences de s\u00e9curit\u00e9 strictes pour les carburants \u00e0 utiliser dans les avions et [&hellip;]\" \/>\n<meta property=\"og:url\" content=\"https:\/\/c-saf.ca\/fr\/quest-ce-que-le-saf\/\" \/>\n<meta property=\"og:site_name\" content=\"C-SAF\" \/>\n<meta property=\"article:modified_time\" content=\"2022-04-14T14:27:59+00:00\" \/>\n<meta name=\"twitter:card\" content=\"summary_large_image\" \/>\n<meta name=\"twitter:label1\" content=\"Dur\u00e9e de lecture estim\u00e9e\" \/>\n\t<meta name=\"twitter:data1\" content=\"7 minutes\" \/>\n<script type=\"application\/ld+json\" class=\"yoast-schema-graph\">{\"@context\":\"https:\\\/\\\/schema.org\",\"@graph\":[{\"@type\":\"WebPage\",\"@id\":\"https:\\\/\\\/c-saf.ca\\\/fr\\\/quest-ce-que-le-saf\\\/\",\"url\":\"https:\\\/\\\/c-saf.ca\\\/fr\\\/quest-ce-que-le-saf\\\/\",\"name\":\"Qu'est-ce que le SAF - C-SAF\",\"isPartOf\":{\"@id\":\"https:\\\/\\\/c-saf.ca\\\/fr\\\/#website\"},\"datePublished\":\"2022-01-19T19:20:26+00:00\",\"dateModified\":\"2022-04-14T14:27:59+00:00\",\"breadcrumb\":{\"@id\":\"https:\\\/\\\/c-saf.ca\\\/fr\\\/quest-ce-que-le-saf\\\/#breadcrumb\"},\"inLanguage\":\"fr-FR\",\"potentialAction\":[{\"@type\":\"ReadAction\",\"target\":[\"https:\\\/\\\/c-saf.ca\\\/fr\\\/quest-ce-que-le-saf\\\/\"]}]},{\"@type\":\"BreadcrumbList\",\"@id\":\"https:\\\/\\\/c-saf.ca\\\/fr\\\/quest-ce-que-le-saf\\\/#breadcrumb\",\"itemListElement\":[{\"@type\":\"ListItem\",\"position\":1,\"name\":\"Home\",\"item\":\"https:\\\/\\\/c-saf.ca\\\/fr\\\/\"},{\"@type\":\"ListItem\",\"position\":2,\"name\":\"Qu&#8217;est-ce que le SAF\"}]},{\"@type\":\"WebSite\",\"@id\":\"https:\\\/\\\/c-saf.ca\\\/fr\\\/#website\",\"url\":\"https:\\\/\\\/c-saf.ca\\\/fr\\\/\",\"name\":\"C-SAF\",\"description\":\"Canadian Council for Sustainable Aviation Fuels Conseil Canadien de Carburants Aviation Durables\",\"publisher\":{\"@id\":\"https:\\\/\\\/c-saf.ca\\\/fr\\\/#organization\"},\"potentialAction\":[{\"@type\":\"SearchAction\",\"target\":{\"@type\":\"EntryPoint\",\"urlTemplate\":\"https:\\\/\\\/c-saf.ca\\\/fr\\\/?s={search_term_string}\"},\"query-input\":{\"@type\":\"PropertyValueSpecification\",\"valueRequired\":true,\"valueName\":\"search_term_string\"}}],\"inLanguage\":\"fr-FR\"},{\"@type\":\"Organization\",\"@id\":\"https:\\\/\\\/c-saf.ca\\\/fr\\\/#organization\",\"name\":\"Canadian Council for Sustainable Aviation Fuels\",\"url\":\"https:\\\/\\\/c-saf.ca\\\/fr\\\/\",\"logo\":{\"@type\":\"ImageObject\",\"inLanguage\":\"fr-FR\",\"@id\":\"https:\\\/\\\/c-saf.ca\\\/fr\\\/#\\\/schema\\\/logo\\\/image\\\/\",\"url\":\"https:\\\/\\\/c-saf.ca\\\/wp-content\\\/uploads\\\/2022\\\/01\\\/logo-horizontal-dark.svg\",\"contentUrl\":\"https:\\\/\\\/c-saf.ca\\\/wp-content\\\/uploads\\\/2022\\\/01\\\/logo-horizontal-dark.svg\",\"width\":177,\"height\":44,\"caption\":\"Canadian Council for Sustainable Aviation Fuels\"},\"image\":{\"@id\":\"https:\\\/\\\/c-saf.ca\\\/fr\\\/#\\\/schema\\\/logo\\\/image\\\/\"}}]}<\/script>\n<!-- \/ Yoast SEO plugin. -->","yoast_head_json":{"title":"Qu'est-ce que le SAF - C-SAF","robots":{"index":"index","follow":"follow","max-snippet":"max-snippet:-1","max-image-preview":"max-image-preview:large","max-video-preview":"max-video-preview:-1"},"canonical":"https:\/\/c-saf.ca\/fr\/quest-ce-que-le-saf\/","og_locale":"fr_FR","og_type":"article","og_title":"Qu'est-ce que le SAF - C-SAF","og_description":"Que veut dire SAF ? Le terme \u00ab\u00a0SAF\u00a0\u00bb est utilis\u00e9 dans l'aviation pour r\u00e9f\u00e9rer aux carburants d'aviation durables (SAF) avec la notion comprise que ces sont des carburants de remplacement qui r\u00e9duisent les \u00e9missions de gaz \u00e0 effet de serre, respectent les exigences de s\u00e9curit\u00e9 strictes pour les carburants \u00e0 utiliser dans les avions et [&hellip;]","og_url":"https:\/\/c-saf.ca\/fr\/quest-ce-que-le-saf\/","og_site_name":"C-SAF","article_modified_time":"2022-04-14T14:27:59+00:00","twitter_card":"summary_large_image","twitter_misc":{"Dur\u00e9e de lecture estim\u00e9e":"7 minutes"},"schema":{"@context":"https:\/\/schema.org","@graph":[{"@type":"WebPage","@id":"https:\/\/c-saf.ca\/fr\/quest-ce-que-le-saf\/","url":"https:\/\/c-saf.ca\/fr\/quest-ce-que-le-saf\/","name":"Qu'est-ce que le SAF - C-SAF","isPartOf":{"@id":"https:\/\/c-saf.ca\/fr\/#website"},"datePublished":"2022-01-19T19:20:26+00:00","dateModified":"2022-04-14T14:27:59+00:00","breadcrumb":{"@id":"https:\/\/c-saf.ca\/fr\/quest-ce-que-le-saf\/#breadcrumb"},"inLanguage":"fr-FR","potentialAction":[{"@type":"ReadAction","target":["https:\/\/c-saf.ca\/fr\/quest-ce-que-le-saf\/"]}]},{"@type":"BreadcrumbList","@id":"https:\/\/c-saf.ca\/fr\/quest-ce-que-le-saf\/#breadcrumb","itemListElement":[{"@type":"ListItem","position":1,"name":"Home","item":"https:\/\/c-saf.ca\/fr\/"},{"@type":"ListItem","position":2,"name":"Qu&#8217;est-ce que le SAF"}]},{"@type":"WebSite","@id":"https:\/\/c-saf.ca\/fr\/#website","url":"https:\/\/c-saf.ca\/fr\/","name":"C-SAF","description":"Canadian Council for Sustainable Aviation Fuels Conseil Canadien de Carburants Aviation Durables","publisher":{"@id":"https:\/\/c-saf.ca\/fr\/#organization"},"potentialAction":[{"@type":"SearchAction","target":{"@type":"EntryPoint","urlTemplate":"https:\/\/c-saf.ca\/fr\/?s={search_term_string}"},"query-input":{"@type":"PropertyValueSpecification","valueRequired":true,"valueName":"search_term_string"}}],"inLanguage":"fr-FR"},{"@type":"Organization","@id":"https:\/\/c-saf.ca\/fr\/#organization","name":"Canadian Council for Sustainable Aviation Fuels","url":"https:\/\/c-saf.ca\/fr\/","logo":{"@type":"ImageObject","inLanguage":"fr-FR","@id":"https:\/\/c-saf.ca\/fr\/#\/schema\/logo\/image\/","url":"https:\/\/c-saf.ca\/wp-content\/uploads\/2022\/01\/logo-horizontal-dark.svg","contentUrl":"https:\/\/c-saf.ca\/wp-content\/uploads\/2022\/01\/logo-horizontal-dark.svg","width":177,"height":44,"caption":"Canadian Council for Sustainable Aviation Fuels"},"image":{"@id":"https:\/\/c-saf.ca\/fr\/#\/schema\/logo\/image\/"}}]}},"_links":{"self":[{"href":"https:\/\/c-saf.ca\/fr\/wp-json\/wp\/v2\/pages\/943","targetHints":{"allow":["GET"]}}],"collection":[{"href":"https:\/\/c-saf.ca\/fr\/wp-json\/wp\/v2\/pages"}],"about":[{"href":"https:\/\/c-saf.ca\/fr\/wp-json\/wp\/v2\/types\/page"}],"author":[{"embeddable":true,"href":"https:\/\/c-saf.ca\/fr\/wp-json\/wp\/v2\/users\/1"}],"replies":[{"embeddable":true,"href":"https:\/\/c-saf.ca\/fr\/wp-json\/wp\/v2\/comments?post=943"}],"version-history":[{"count":10,"href":"https:\/\/c-saf.ca\/fr\/wp-json\/wp\/v2\/pages\/943\/revisions"}],"predecessor-version":[{"id":1401,"href":"https:\/\/c-saf.ca\/fr\/wp-json\/wp\/v2\/pages\/943\/revisions\/1401"}],"wp:attachment":[{"href":"https:\/\/c-saf.ca\/fr\/wp-json\/wp\/v2\/media?parent=943"}],"curies":[{"name":"wp","href":"https:\/\/api.w.org\/{rel}","templated":true}]}}