{"id":965,"date":"2022-01-19T19:20:25","date_gmt":"2022-01-19T19:20:25","guid":{"rendered":"https:\/\/the-canadian-council-for-sustainable-aviation-fuels.local\/evenements\/"},"modified":"2023-06-21T09:07:02","modified_gmt":"2023-06-21T09:07:02","slug":"evenements","status":"publish","type":"page","link":"https:\/\/c-saf.ca\/fr\/evenements\/","title":{"rendered":"Nouvelles et \u00c9v\u00e9nements"},"content":{"rendered":"<p>[et_pb_section fb_built=\u00a0\u00bb1&Prime; _builder_version=\u00a0\u00bb4.16&Prime; _module_preset=\u00a0\u00bbdefault\u00a0\u00bb background_image=\u00a0\u00bbhttps:\/\/c-saf.ca\/wp-content\/uploads\/2022\/01\/Header-BG-Long.svg\u00a0\u00bb custom_padding=\u00a0\u00bb|||5%|false|false\u00a0\u00bb box_shadow_style=\u00a0\u00bbpreset3&Prime; box_shadow_vertical=\u00a0\u00bb18px\u00a0\u00bb box_shadow_blur=\u00a0\u00bb25px\u00a0\u00bb global_colors_info=\u00a0\u00bb{}\u00a0\u00bb][et_pb_row _builder_version=\u00a0\u00bb4.16&Prime; _module_preset=\u00a0\u00bbdefault\u00a0\u00bb width=\u00a0\u00bb100%\u00a0\u00bb max_width=\u00a0\u00bb100%\u00a0\u00bb global_colors_info=\u00a0\u00bb{}\u00a0\u00bb][et_pb_column type=\u00a0\u00bb4_4&Prime; _builder_version=\u00a0\u00bb4.16&Prime; _module_preset=\u00a0\u00bbdefault\u00a0\u00bb global_colors_info=\u00a0\u00bb{}\u00a0\u00bb][et_pb_text _builder_version=\u00a0\u00bb4.16&Prime; _module_preset=\u00a0\u00bbdefault\u00a0\u00bb header_font=\u00a0\u00bb|700|||||||\u00a0\u00bb header_text_color=\u00a0\u00bb#2F4340&Prime; header_font_size=\u00a0\u00bb64px\u00a0\u00bb header_font_size_tablet=\u00a0\u00bb\u00a0\u00bb header_font_size_phone=\u00a0\u00bb40px\u00a0\u00bb header_font_size_last_edited=\u00a0\u00bbon|phone\u00a0\u00bb global_colors_info=\u00a0\u00bb{}\u00a0\u00bb]<\/p>\n<h1>Nouvelles et \u00c9v\u00e9nements<\/h1>\n<p>[\/et_pb_text][\/et_pb_column][\/et_pb_row][\/et_pb_section][et_pb_section fb_built=\u00a0\u00bb1&Prime; _builder_version=\u00a0\u00bb4.16&Prime; _module_preset=\u00a0\u00bbdefault\u00a0\u00bb global_colors_info=\u00a0\u00bb{}\u00a0\u00bb][et_pb_row _builder_version=\u00a0\u00bb4.21.0&Prime; _module_preset=\u00a0\u00bbdefault\u00a0\u00bb global_colors_info=\u00a0\u00bb{}\u00a0\u00bb][et_pb_column type=\u00a0\u00bb4_4&Prime; _builder_version=\u00a0\u00bb4.16&Prime; _module_preset=\u00a0\u00bbdefault\u00a0\u00bb global_colors_info=\u00a0\u00bb{}\u00a0\u00bb][et_pb_image src=\u00a0\u00bbhttps:\/\/c-saf.ca\/wp-content\/uploads\/2023\/06\/CSAF00_Open-Letter_FR_20230620-5HR.jpg\u00a0\u00bb title_text=\u00a0\u00bbCSAF00_Open Letter_FR_20230620-5HR\u00a0\u00bb _builder_version=\u00a0\u00bb4.21.0&Prime; _module_preset=\u00a0\u00bbdefault\u00a0\u00bb global_colors_info=\u00a0\u00bb{}\u00a0\u00bb][\/et_pb_image][\/et_pb_column][\/et_pb_row][\/et_pb_section][et_pb_section fb_built=\u00a0\u00bb1&Prime; _builder_version=\u00a0\u00bb4.16&Prime; _module_preset=\u00a0\u00bbdefault\u00a0\u00bb background_color=\u00a0\u00bb#F5F9F1&Prime; custom_padding=\u00a0\u00bb|5%||5%|false|true\u00a0\u00bb global_colors_info=\u00a0\u00bb{}\u00a0\u00bb][et_pb_row _builder_version=\u00a0\u00bb4.16&Prime; _module_preset=\u00a0\u00bbdefault\u00a0\u00bb width=\u00a0\u00bb100%\u00a0\u00bb max_width=\u00a0\u00bb100%\u00a0\u00bb custom_padding=\u00a0\u00bb0px||0px||true|false\u00a0\u00bb global_colors_info=\u00a0\u00bb{}\u00a0\u00bb][et_pb_column type=\u00a0\u00bb4_4&Prime; _builder_version=\u00a0\u00bb4.16&Prime; _module_preset=\u00a0\u00bbdefault\u00a0\u00bb global_colors_info=\u00a0\u00bb{}\u00a0\u00bb][et_pb_blog fullwidth=\u00a0\u00bboff\u00a0\u00bb posts_number=\u00a0\u00bb3&Prime; include_categories=\u00a0\u00bbcurrent\u00a0\u00bb excerpt_length=\u00a0\u00bb120&Prime; show_more=\u00a0\u00bbon\u00a0\u00bb show_author=\u00a0\u00bboff\u00a0\u00bb show_categories=\u00a0\u00bboff\u00a0\u00bb show_pagination=\u00a0\u00bboff\u00a0\u00bb masonry_tile_background_color=\u00a0\u00bbrgba(0,0,0,0)\u00a0\u00bb _builder_version=\u00a0\u00bb4.21.0&Prime; _module_preset=\u00a0\u00bbdefault\u00a0\u00bb header_level=\u00a0\u00bbh3&Prime; header_font=\u00a0\u00bb|700|||||||\u00a0\u00bb header_text_color=\u00a0\u00bb#2F4340&Prime; header_font_size=\u00a0\u00bb24px\u00a0\u00bb body_text_color=\u00a0\u00bb#2F4340&Prime; body_font_size=\u00a0\u00bb18px\u00a0\u00bb meta_font=\u00a0\u00bb|600||on|||||\u00a0\u00bb meta_text_color=\u00a0\u00bb#000000&Prime; meta_font_size=\u00a0\u00bb12px\u00a0\u00bb read_more_font=\u00a0\u00bb|600|||on||||\u00a0\u00bb read_more_text_color=\u00a0\u00bb#008754&Prime; read_more_font_size=\u00a0\u00bb16px\u00a0\u00bb border_width_all=\u00a0\u00bb0px\u00a0\u00bb border_radii_image=\u00a0\u00bbon|8px|8px|8px|8px\u00a0\u00bb global_colors_info=\u00a0\u00bb{}\u00a0\u00bb][\/et_pb_blog][\/et_pb_column][\/et_pb_row][\/et_pb_section][et_pb_section fb_built=\u00a0\u00bb1&Prime; _builder_version=\u00a0\u00bb4.6.6&Prime; _module_preset=\u00a0\u00bbdefault\u00a0\u00bb background_image=\u00a0\u00bbhttps:\/\/c-saf.ca\/wp-content\/uploads\/2021\/10\/ctaBG-2.svg\u00a0\u00bb z_index=\u00a0\u00bb0&Prime; custom_margin=\u00a0\u00bb||||false|false\u00a0\u00bb custom_padding=\u00a0\u00bb||||false|false\u00a0\u00bb box_shadow_style=\u00a0\u00bbpreset3&Prime; box_shadow_vertical=\u00a0\u00bb18px\u00a0\u00bb box_shadow_blur=\u00a0\u00bb25px\u00a0\u00bb global_module=\u00a0\u00bb380&Prime; saved_tabs=\u00a0\u00bball\u00a0\u00bb global_colors_info=\u00a0\u00bb{}\u00a0\u00bb][et_pb_row _builder_version=\u00a0\u00bb4.16&Prime; _module_preset=\u00a0\u00bbdefault\u00a0\u00bb width=\u00a0\u00bb36%\u00a0\u00bb width_tablet=\u00a0\u00bb\u00a0\u00bb width_phone=\u00a0\u00bb80%\u00a0\u00bb width_last_edited=\u00a0\u00bbon|phone\u00a0\u00bb custom_margin=\u00a0\u00bb4%||4%|80px|true|false\u00a0\u00bb custom_margin_tablet=\u00a0\u00bb\u00a0\u00bb custom_margin_phone=\u00a0\u00bb|||40px|true|false\u00a0\u00bb custom_margin_last_edited=\u00a0\u00bbon|phone\u00a0\u00bb custom_padding=\u00a0\u00bb||||false|false\u00a0\u00bb global_colors_info=\u00a0\u00bb{}\u00a0\u00bb][et_pb_column type=\u00a0\u00bb4_4&Prime; _builder_version=\u00a0\u00bb4.16&Prime; _module_preset=\u00a0\u00bbdefault\u00a0\u00bb global_colors_info=\u00a0\u00bb{}\u00a0\u00bb][et_pb_text _builder_version=\u00a0\u00bb4.16&Prime; _module_preset=\u00a0\u00bbdefault\u00a0\u00bb text_text_color=\u00a0\u00bb#F5F9F1&Prime; text_font_size=\u00a0\u00bb16px\u00a0\u00bb header_3_font=\u00a0\u00bb|700|||||||\u00a0\u00bb header_3_text_color=\u00a0\u00bb#F5F9F1&Prime; header_3_font_size=\u00a0\u00bb24px\u00a0\u00bb background_layout=\u00a0\u00bbdark\u00a0\u00bb custom_margin=\u00a0\u00bb||40px||false|false\u00a0\u00bb global_colors_info=\u00a0\u00bb{}\u00a0\u00bb]<\/p>\n<p><span class=\"become-member\">Devenir membre<\/span><\/p>\n<h3 class=\"title-member\">C-SAF vise \u00e0 faciliter et \u00e0 acc\u00e9l\u00e9rer le d\u00e9ploiement commercial de SAF au Canada.<\/h3>\n<p>Le Conseil \u00e9tablira une plate-forme pour la cha\u00eene de valeur des SAF afin de collaborer, de se connecter et de cr\u00e9er des solutions innovantes pour accro\u00eetre l&rsquo;\u00e9chelle et l&rsquo;utilisation des SAF au Canada. Joignez-vous \u00e0 nous d\u00e8s aujourd&rsquo;hui pour entrer en contact et collaborer avec diff\u00e9rents intervenants travaillant ensemble pour favoriser l&rsquo;innovation, la production et l&rsquo;utilisation des SAF au Canada et dans le reste du monde.<\/p>\n<p>[\/et_pb_text][et_pb_button button_url=\u00a0\u00bbhttps:\/\/safcommunity.org\/login\u00a0\u00bb url_new_window=\u00a0\u00bbon\u00a0\u00bb button_text=\u00a0\u00bbInscrivez-vous pour devenir membre\u00a0\u00bb module_class=\u00a0\u00bbbutton-state\u00a0\u00bb _builder_version=\u00a0\u00bb4.16&Prime; _module_preset=\u00a0\u00bbdefault\u00a0\u00bb custom_button=\u00a0\u00bbon\u00a0\u00bb button_text_size=\u00a0\u00bb14px\u00a0\u00bb button_text_color=\u00a0\u00bb#ffffff\u00a0\u00bb button_bg_color=\u00a0\u00bb#008754&Prime; button_border_width=\u00a0\u00bb0px\u00a0\u00bb button_border_radius=\u00a0\u00bb8px\u00a0\u00bb button_use_icon=\u00a0\u00bboff\u00a0\u00bb transform_translate_linked=\u00a0\u00bboff\u00a0\u00bb custom_padding=\u00a0\u00bb2%|8%|2%|8%|true|true\u00a0\u00bb custom_padding_tablet=\u00a0\u00bb\u00a0\u00bb custom_padding_phone=\u00a0\u00bb3.5%||3.5%||true|true\u00a0\u00bb custom_padding_last_edited=\u00a0\u00bbon|phone\u00a0\u00bb global_colors_info=\u00a0\u00bb{}\u00a0\u00bb button_text_color__hover_enabled=\u00a0\u00bbon|hover\u00a0\u00bb button_bg_color__hover_enabled=\u00a0\u00bbon|hover\u00a0\u00bb button_bg_color__hover=\u00a0\u00bb\u00a0\u00bb button_bg_enable_color__hover=\u00a0\u00bboff\u00a0\u00bb button_text_color__hover=\u00a0\u00bb\u00a0\u00bb button_border_width__hover_enabled=\u00a0\u00bbon|hover\u00a0\u00bb button_border_color__hover_enabled=\u00a0\u00bbon|hover\u00a0\u00bb button_border_width__hover=\u00a0\u00bb0px\u00a0\u00bb][\/et_pb_button][\/et_pb_column][\/et_pb_row][\/et_pb_section]<\/p>\n","protected":false},"excerpt":{"rendered":"<p>Nouvelles et \u00c9v\u00e9nementsDevenir membre C-SAF vise \u00e0 faciliter et \u00e0 acc\u00e9l\u00e9rer le d\u00e9ploiement commercial de SAF au Canada. Le Conseil \u00e9tablira une plate-forme pour la cha\u00eene de valeur des SAF afin de collaborer, de se connecter et de cr\u00e9er des solutions innovantes pour accro\u00eetre l&rsquo;\u00e9chelle et l&rsquo;utilisation des SAF au Canada. Joignez-vous \u00e0 nous d\u00e8s [&hellip;]<\/p>\n","protected":false},"author":1,"featured_media":0,"parent":0,"menu_order":0,"comment_status":"closed","ping_status":"closed","template":"","meta":{"_acf_changed":false,"_et_pb_use_builder":"on","_et_pb_old_content":"","_et_gb_content_width":"","inline_featured_image":false,"footnotes":""},"class_list":["post-965","page","type-page","status-publish","hentry"],"acf":[],"yoast_head":"<!-- This site is optimized with the Yoast SEO plugin v27.4 - https:\/\/yoast.com\/product\/yoast-seo-wordpress\/ -->\n<title>Nouvelles et \u00c9v\u00e9nements - C-SAF<\/title>\n<meta name=\"robots\" content=\"index, follow, max-snippet:-1, max-image-preview:large, max-video-preview:-1\" \/>\n<link rel=\"canonical\" href=\"https:\/\/c-saf.ca\/fr\/evenements\/\" \/>\n<meta property=\"og:locale\" content=\"fr_FR\" \/>\n<meta property=\"og:type\" content=\"article\" \/>\n<meta property=\"og:title\" content=\"Nouvelles et \u00c9v\u00e9nements - C-SAF\" \/>\n<meta property=\"og:description\" content=\"Nouvelles et \u00c9v\u00e9nementsDevenir membre C-SAF vise \u00e0 faciliter et \u00e0 acc\u00e9l\u00e9rer le d\u00e9ploiement commercial de SAF au Canada. Le Conseil \u00e9tablira une plate-forme pour la cha\u00eene de valeur des SAF afin de collaborer, de se connecter et de cr\u00e9er des solutions innovantes pour accro\u00eetre l&#039;\u00e9chelle et l&#039;utilisation des SAF au Canada. Joignez-vous \u00e0 nous d\u00e8s [&hellip;]\" \/>\n<meta property=\"og:url\" content=\"https:\/\/c-saf.ca\/fr\/evenements\/\" \/>\n<meta property=\"og:site_name\" content=\"C-SAF\" \/>\n<meta property=\"article:modified_time\" content=\"2023-06-21T09:07:02+00:00\" \/>\n<meta name=\"twitter:card\" content=\"summary_large_image\" \/>\n<meta name=\"twitter:label1\" content=\"Dur\u00e9e de lecture estim\u00e9e\" \/>\n\t<meta name=\"twitter:data1\" content=\"2 minutes\" \/>\n<script type=\"application\/ld+json\" class=\"yoast-schema-graph\">{\"@context\":\"https:\\\/\\\/schema.org\",\"@graph\":[{\"@type\":\"WebPage\",\"@id\":\"https:\\\/\\\/c-saf.ca\\\/fr\\\/evenements\\\/\",\"url\":\"https:\\\/\\\/c-saf.ca\\\/fr\\\/evenements\\\/\",\"name\":\"Nouvelles et \u00c9v\u00e9nements - C-SAF\",\"isPartOf\":{\"@id\":\"https:\\\/\\\/c-saf.ca\\\/fr\\\/#website\"},\"datePublished\":\"2022-01-19T19:20:25+00:00\",\"dateModified\":\"2023-06-21T09:07:02+00:00\",\"breadcrumb\":{\"@id\":\"https:\\\/\\\/c-saf.ca\\\/fr\\\/evenements\\\/#breadcrumb\"},\"inLanguage\":\"fr-FR\",\"potentialAction\":[{\"@type\":\"ReadAction\",\"target\":[\"https:\\\/\\\/c-saf.ca\\\/fr\\\/evenements\\\/\"]}]},{\"@type\":\"BreadcrumbList\",\"@id\":\"https:\\\/\\\/c-saf.ca\\\/fr\\\/evenements\\\/#breadcrumb\",\"itemListElement\":[{\"@type\":\"ListItem\",\"position\":1,\"name\":\"Home\",\"item\":\"https:\\\/\\\/c-saf.ca\\\/fr\\\/\"},{\"@type\":\"ListItem\",\"position\":2,\"name\":\"Nouvelles et \u00c9v\u00e9nements\"}]},{\"@type\":\"WebSite\",\"@id\":\"https:\\\/\\\/c-saf.ca\\\/fr\\\/#website\",\"url\":\"https:\\\/\\\/c-saf.ca\\\/fr\\\/\",\"name\":\"C-SAF\",\"description\":\"Canadian Council for Sustainable Aviation Fuels Conseil Canadien de Carburants Aviation Durables\",\"publisher\":{\"@id\":\"https:\\\/\\\/c-saf.ca\\\/fr\\\/#organization\"},\"potentialAction\":[{\"@type\":\"SearchAction\",\"target\":{\"@type\":\"EntryPoint\",\"urlTemplate\":\"https:\\\/\\\/c-saf.ca\\\/fr\\\/?s={search_term_string}\"},\"query-input\":{\"@type\":\"PropertyValueSpecification\",\"valueRequired\":true,\"valueName\":\"search_term_string\"}}],\"inLanguage\":\"fr-FR\"},{\"@type\":\"Organization\",\"@id\":\"https:\\\/\\\/c-saf.ca\\\/fr\\\/#organization\",\"name\":\"Canadian Council for Sustainable Aviation Fuels\",\"url\":\"https:\\\/\\\/c-saf.ca\\\/fr\\\/\",\"logo\":{\"@type\":\"ImageObject\",\"inLanguage\":\"fr-FR\",\"@id\":\"https:\\\/\\\/c-saf.ca\\\/fr\\\/#\\\/schema\\\/logo\\\/image\\\/\",\"url\":\"https:\\\/\\\/c-saf.ca\\\/wp-content\\\/uploads\\\/2022\\\/01\\\/logo-horizontal-dark.svg\",\"contentUrl\":\"https:\\\/\\\/c-saf.ca\\\/wp-content\\\/uploads\\\/2022\\\/01\\\/logo-horizontal-dark.svg\",\"width\":177,\"height\":44,\"caption\":\"Canadian Council for Sustainable Aviation Fuels\"},\"image\":{\"@id\":\"https:\\\/\\\/c-saf.ca\\\/fr\\\/#\\\/schema\\\/logo\\\/image\\\/\"}}]}<\/script>\n<!-- \/ Yoast SEO plugin. -->","yoast_head_json":{"title":"Nouvelles et \u00c9v\u00e9nements - C-SAF","robots":{"index":"index","follow":"follow","max-snippet":"max-snippet:-1","max-image-preview":"max-image-preview:large","max-video-preview":"max-video-preview:-1"},"canonical":"https:\/\/c-saf.ca\/fr\/evenements\/","og_locale":"fr_FR","og_type":"article","og_title":"Nouvelles et \u00c9v\u00e9nements - C-SAF","og_description":"Nouvelles et \u00c9v\u00e9nementsDevenir membre C-SAF vise \u00e0 faciliter et \u00e0 acc\u00e9l\u00e9rer le d\u00e9ploiement commercial de SAF au Canada. Le Conseil \u00e9tablira une plate-forme pour la cha\u00eene de valeur des SAF afin de collaborer, de se connecter et de cr\u00e9er des solutions innovantes pour accro\u00eetre l'\u00e9chelle et l'utilisation des SAF au Canada. Joignez-vous \u00e0 nous d\u00e8s [&hellip;]","og_url":"https:\/\/c-saf.ca\/fr\/evenements\/","og_site_name":"C-SAF","article_modified_time":"2023-06-21T09:07:02+00:00","twitter_card":"summary_large_image","twitter_misc":{"Dur\u00e9e de lecture estim\u00e9e":"2 minutes"},"schema":{"@context":"https:\/\/schema.org","@graph":[{"@type":"WebPage","@id":"https:\/\/c-saf.ca\/fr\/evenements\/","url":"https:\/\/c-saf.ca\/fr\/evenements\/","name":"Nouvelles et \u00c9v\u00e9nements - C-SAF","isPartOf":{"@id":"https:\/\/c-saf.ca\/fr\/#website"},"datePublished":"2022-01-19T19:20:25+00:00","dateModified":"2023-06-21T09:07:02+00:00","breadcrumb":{"@id":"https:\/\/c-saf.ca\/fr\/evenements\/#breadcrumb"},"inLanguage":"fr-FR","potentialAction":[{"@type":"ReadAction","target":["https:\/\/c-saf.ca\/fr\/evenements\/"]}]},{"@type":"BreadcrumbList","@id":"https:\/\/c-saf.ca\/fr\/evenements\/#breadcrumb","itemListElement":[{"@type":"ListItem","position":1,"name":"Home","item":"https:\/\/c-saf.ca\/fr\/"},{"@type":"ListItem","position":2,"name":"Nouvelles et \u00c9v\u00e9nements"}]},{"@type":"WebSite","@id":"https:\/\/c-saf.ca\/fr\/#website","url":"https:\/\/c-saf.ca\/fr\/","name":"C-SAF","description":"Canadian Council for Sustainable Aviation Fuels Conseil Canadien de Carburants Aviation Durables","publisher":{"@id":"https:\/\/c-saf.ca\/fr\/#organization"},"potentialAction":[{"@type":"SearchAction","target":{"@type":"EntryPoint","urlTemplate":"https:\/\/c-saf.ca\/fr\/?s={search_term_string}"},"query-input":{"@type":"PropertyValueSpecification","valueRequired":true,"valueName":"search_term_string"}}],"inLanguage":"fr-FR"},{"@type":"Organization","@id":"https:\/\/c-saf.ca\/fr\/#organization","name":"Canadian Council for Sustainable Aviation Fuels","url":"https:\/\/c-saf.ca\/fr\/","logo":{"@type":"ImageObject","inLanguage":"fr-FR","@id":"https:\/\/c-saf.ca\/fr\/#\/schema\/logo\/image\/","url":"https:\/\/c-saf.ca\/wp-content\/uploads\/2022\/01\/logo-horizontal-dark.svg","contentUrl":"https:\/\/c-saf.ca\/wp-content\/uploads\/2022\/01\/logo-horizontal-dark.svg","width":177,"height":44,"caption":"Canadian Council for Sustainable Aviation Fuels"},"image":{"@id":"https:\/\/c-saf.ca\/fr\/#\/schema\/logo\/image\/"}}]}},"_links":{"self":[{"href":"https:\/\/c-saf.ca\/fr\/wp-json\/wp\/v2\/pages\/965","targetHints":{"allow":["GET"]}}],"collection":[{"href":"https:\/\/c-saf.ca\/fr\/wp-json\/wp\/v2\/pages"}],"about":[{"href":"https:\/\/c-saf.ca\/fr\/wp-json\/wp\/v2\/types\/page"}],"author":[{"embeddable":true,"href":"https:\/\/c-saf.ca\/fr\/wp-json\/wp\/v2\/users\/1"}],"replies":[{"embeddable":true,"href":"https:\/\/c-saf.ca\/fr\/wp-json\/wp\/v2\/comments?post=965"}],"version-history":[{"count":10,"href":"https:\/\/c-saf.ca\/fr\/wp-json\/wp\/v2\/pages\/965\/revisions"}],"predecessor-version":[{"id":2294,"href":"https:\/\/c-saf.ca\/fr\/wp-json\/wp\/v2\/pages\/965\/revisions\/2294"}],"wp:attachment":[{"href":"https:\/\/c-saf.ca\/fr\/wp-json\/wp\/v2\/media?parent=965"}],"curies":[{"name":"wp","href":"https:\/\/api.w.org\/{rel}","templated":true}]}}